{"id":3307,"date":"2026-03-11T18:44:40","date_gmt":"2026-03-11T17:44:40","guid":{"rendered":"https:\/\/ceramix.es\/producto\/deck-vill\/"},"modified":"2026-03-11T18:44:40","modified_gmt":"2026-03-11T17:44:40","slug":"deck-vill","status":"publish","type":"product","link":"https:\/\/ceramix.es\/ca\/producto\/deck-vill\/","title":{"rendered":"Deck-Vill"},"content":{"rendered":"<p>La s\u00e8rie Deck-Vill captura l&#8217;ess\u00e8ncia i la calidesa de la fusta, fusionant-la amb la durabilitat extrema i el nul manteniment del porcell\u00e0nic. \u00c9s l&#8217;opci\u00f3 ideal per aportar sofisticaci\u00f3, confort i continu\u00eftat visual tant en projectes minimalistes com en ambients d&#8217;inspiraci\u00f3 m\u00e9s r\u00fastica. <\/p>\n","protected":false},"excerpt":{"rendered":"<p>La s\u00e8rie Deck-Vill captura l&#8217;ess\u00e8ncia i la calidesa de la fusta, fusionant-la amb la durabilitat extrema i el nul manteniment del porcell\u00e0nic. \u00c9s l&#8217;opci\u00f3 ideal per aportar sofisticaci\u00f3, confort i continu\u00eftat visual tant en projectes minimalistes com en ambients d&#8217;inspiraci\u00f3 m\u00e9s r\u00fastica. <\/p>\n","protected":false},"featured_media":3299,"comment_status":"open","ping_status":"closed","template":"","meta":[],"product_brand":[],"product_cat":[126,127],"product_tag":[],"estilo-visual":[124],"coleccion":[459],"material":[125],"formato":[444],"rectificado":[217],"antideslizante":[34],"calidad":[35],"uso":[129,128,130,131],"color":[270,135,277],"clasificacion":[118],"acabado":[117],"etiqueta-destacada":[],"class_list":{"0":"post-3307","1":"product","2":"type-product","3":"status-publish","4":"has-post-thumbnail","6":"product_cat-paviments","7":"product_cat-revestiments","8":"estilo-visual-fusta","9":"coleccion-deck-vill","10":"material-porcellanic","11":"formato-23-3x120","12":"rectificado-no","13":"antideslizante-r11","14":"calidad-1a","15":"uso-exterior","16":"uso-interior","17":"uso-paret","18":"uso-terra","19":"color-grey","20":"color-natural","21":"color-oak","22":"clasificacion-cataleg","23":"acabado-mate","25":"first","26":"instock","27":"shipping-taxable","28":"purchasable","29":"product-type-simple"},"yoast_head":"<!-- This site is optimized with the Yoast SEO plugin v27.4 - https:\/\/yoast.com\/product\/yoast-seo-wordpress\/ -->\n<title>Deck-Vill - Ceramix<\/title>\n<meta name=\"description\" content=\"La s\u00e8rie Deck-Vill captura l&#039;ess\u00e8ncia i la calidesa de la fusta, fusionant-la amb la durabilitat extrema i el nul manteniment del porcell\u00e0nic. \u00c9s l&#039;opci\u00f3 ideal per aportar sofisticaci\u00f3, confort i continu\u00eftat visual tant en projectes minimalistes com en ambients d&#039;inspiraci\u00f3 m\u00e9s r\u00fastica.\" \/>\n<meta name=\"robots\" content=\"index, follow, max-snippet:-1, max-image-preview:large, max-video-preview:-1\" \/>\n<link rel=\"canonical\" href=\"https:\/\/ceramix.es\/ca\/producto\/deck-vill\/\" \/>\n<meta property=\"og:locale\" content=\"ca_ES\" \/>\n<meta property=\"og:type\" content=\"article\" \/>\n<meta property=\"og:title\" content=\"Deck-Vill - Ceramix\" \/>\n<meta property=\"og:description\" content=\"La s\u00e8rie Deck-Vill captura l&#039;ess\u00e8ncia i la calidesa de la fusta, fusionant-la amb la durabilitat extrema i el nul manteniment del porcell\u00e0nic. \u00c9s l&#039;opci\u00f3 ideal per aportar sofisticaci\u00f3, confort i continu\u00eftat visual tant en projectes minimalistes com en ambients d&#039;inspiraci\u00f3 m\u00e9s r\u00fastica.\" \/>\n<meta property=\"og:url\" content=\"https:\/\/ceramix.es\/ca\/producto\/deck-vill\/\" \/>\n<meta property=\"og:site_name\" content=\"Ceramix\" \/>\n<meta property=\"article:publisher\" content=\"https:\/\/www.facebook.com\/ceramix.sbd\" \/>\n<meta property=\"og:image\" content=\"https:\/\/ceramix.es\/wp-content\/uploads\/2026\/03\/ambiente-1.webp\" \/>\n\t<meta property=\"og:image:width\" content=\"1920\" \/>\n\t<meta property=\"og:image:height\" content=\"1440\" \/>\n\t<meta property=\"og:image:type\" content=\"image\/webp\" \/>\n<meta name=\"twitter:card\" content=\"summary_large_image\" \/>\n<script type=\"application\/ld+json\" class=\"yoast-schema-graph\">{\"@context\":\"https:\\\/\\\/schema.org\",\"@graph\":[{\"@type\":\"WebPage\",\"@id\":\"https:\\\/\\\/ceramix.es\\\/ca\\\/producto\\\/deck-vill\\\/\",\"url\":\"https:\\\/\\\/ceramix.es\\\/ca\\\/producto\\\/deck-vill\\\/\",\"name\":\"Deck-Vill - Ceramix\",\"isPartOf\":{\"@id\":\"https:\\\/\\\/ceramix.es\\\/ca\\\/#website\"},\"primaryImageOfPage\":{\"@id\":\"https:\\\/\\\/ceramix.es\\\/ca\\\/producto\\\/deck-vill\\\/#primaryimage\"},\"image\":{\"@id\":\"https:\\\/\\\/ceramix.es\\\/ca\\\/producto\\\/deck-vill\\\/#primaryimage\"},\"thumbnailUrl\":\"https:\\\/\\\/ceramix.es\\\/wp-content\\\/uploads\\\/2026\\\/03\\\/ambiente-1.webp\",\"datePublished\":\"2026-03-11T17:44:40+00:00\",\"description\":\"La s\u00e8rie Deck-Vill captura l'ess\u00e8ncia i la calidesa de la fusta, fusionant-la amb la durabilitat extrema i el nul manteniment del porcell\u00e0nic. \u00c9s l'opci\u00f3 ideal per aportar sofisticaci\u00f3, confort i continu\u00eftat visual tant en projectes minimalistes com en ambients d'inspiraci\u00f3 m\u00e9s r\u00fastica.\",\"breadcrumb\":{\"@id\":\"https:\\\/\\\/ceramix.es\\\/ca\\\/producto\\\/deck-vill\\\/#breadcrumb\"},\"inLanguage\":\"ca\",\"potentialAction\":[{\"@type\":\"ReadAction\",\"target\":[\"https:\\\/\\\/ceramix.es\\\/ca\\\/producto\\\/deck-vill\\\/\"]}]},{\"@type\":\"ImageObject\",\"inLanguage\":\"ca\",\"@id\":\"https:\\\/\\\/ceramix.es\\\/ca\\\/producto\\\/deck-vill\\\/#primaryimage\",\"url\":\"https:\\\/\\\/ceramix.es\\\/wp-content\\\/uploads\\\/2026\\\/03\\\/ambiente-1.webp\",\"contentUrl\":\"https:\\\/\\\/ceramix.es\\\/wp-content\\\/uploads\\\/2026\\\/03\\\/ambiente-1.webp\",\"width\":1920,\"height\":1440},{\"@type\":\"BreadcrumbList\",\"@id\":\"https:\\\/\\\/ceramix.es\\\/ca\\\/producto\\\/deck-vill\\\/#breadcrumb\",\"itemListElement\":[{\"@type\":\"ListItem\",\"position\":1,\"name\":\"Ceramix\",\"item\":\"https:\\\/\\\/ceramix.es\\\/ca\\\/ceramix\\\/\"},{\"@type\":\"ListItem\",\"position\":2,\"name\":\"Cat\u00e0leg de productes\",\"item\":\"https:\\\/\\\/ceramix.es\\\/ca\\\/cataleg-de-productes\\\/\"},{\"@type\":\"ListItem\",\"position\":3,\"name\":\"Paviments\",\"item\":\"https:\\\/\\\/ceramix.es\\\/ca\\\/categoria-producto\\\/paviments\\\/\"},{\"@type\":\"ListItem\",\"position\":4,\"name\":\"Deck-Vill\"}]},{\"@type\":\"WebSite\",\"@id\":\"https:\\\/\\\/ceramix.es\\\/ca\\\/#website\",\"url\":\"https:\\\/\\\/ceramix.es\\\/ca\\\/\",\"name\":\"Ceramix\",\"description\":\"Cat\u00e1logo y stocks de gres porcel\u00e1nico e interiorismo.\",\"publisher\":{\"@id\":\"https:\\\/\\\/ceramix.es\\\/ca\\\/#organization\"},\"potentialAction\":[{\"@type\":\"SearchAction\",\"target\":{\"@type\":\"EntryPoint\",\"urlTemplate\":\"https:\\\/\\\/ceramix.es\\\/ca\\\/?s={search_term_string}\"},\"query-input\":{\"@type\":\"PropertyValueSpecification\",\"valueRequired\":true,\"valueName\":\"search_term_string\"}}],\"inLanguage\":\"ca\"},{\"@type\":\"Organization\",\"@id\":\"https:\\\/\\\/ceramix.es\\\/ca\\\/#organization\",\"name\":\"Ceramix\",\"url\":\"https:\\\/\\\/ceramix.es\\\/ca\\\/\",\"logo\":{\"@type\":\"ImageObject\",\"inLanguage\":\"ca\",\"@id\":\"https:\\\/\\\/ceramix.es\\\/ca\\\/#\\\/schema\\\/logo\\\/image\\\/\",\"url\":\"https:\\\/\\\/ceramix.es\\\/wp-content\\\/uploads\\\/2025\\\/09\\\/logo-ceramix.png\",\"contentUrl\":\"https:\\\/\\\/ceramix.es\\\/wp-content\\\/uploads\\\/2025\\\/09\\\/logo-ceramix.png\",\"width\":1200,\"height\":336,\"caption\":\"Ceramix\"},\"image\":{\"@id\":\"https:\\\/\\\/ceramix.es\\\/ca\\\/#\\\/schema\\\/logo\\\/image\\\/\"},\"sameAs\":[\"https:\\\/\\\/www.facebook.com\\\/ceramix.sbd\",\"https:\\\/\\\/www.instagram.com\\\/ceramix.sbd\"]}]}<\/script>\n<!-- \/ Yoast SEO plugin. -->","yoast_head_json":{"title":"Deck-Vill - Ceramix","description":"La s\u00e8rie Deck-Vill captura l'ess\u00e8ncia i la calidesa de la fusta, fusionant-la amb la durabilitat extrema i el nul manteniment del porcell\u00e0nic. \u00c9s l'opci\u00f3 ideal per aportar sofisticaci\u00f3, confort i continu\u00eftat visual tant en projectes minimalistes com en ambients d'inspiraci\u00f3 m\u00e9s r\u00fastica.","robots":{"index":"index","follow":"follow","max-snippet":"max-snippet:-1","max-image-preview":"max-image-preview:large","max-video-preview":"max-video-preview:-1"},"canonical":"https:\/\/ceramix.es\/ca\/producto\/deck-vill\/","og_locale":"ca_ES","og_type":"article","og_title":"Deck-Vill - Ceramix","og_description":"La s\u00e8rie Deck-Vill captura l'ess\u00e8ncia i la calidesa de la fusta, fusionant-la amb la durabilitat extrema i el nul manteniment del porcell\u00e0nic. \u00c9s l'opci\u00f3 ideal per aportar sofisticaci\u00f3, confort i continu\u00eftat visual tant en projectes minimalistes com en ambients d'inspiraci\u00f3 m\u00e9s r\u00fastica.","og_url":"https:\/\/ceramix.es\/ca\/producto\/deck-vill\/","og_site_name":"Ceramix","article_publisher":"https:\/\/www.facebook.com\/ceramix.sbd","og_image":[{"width":1920,"height":1440,"url":"https:\/\/ceramix.es\/wp-content\/uploads\/2026\/03\/ambiente-1.webp","type":"image\/webp"}],"twitter_card":"summary_large_image","schema":{"@context":"https:\/\/schema.org","@graph":[{"@type":"WebPage","@id":"https:\/\/ceramix.es\/ca\/producto\/deck-vill\/","url":"https:\/\/ceramix.es\/ca\/producto\/deck-vill\/","name":"Deck-Vill - Ceramix","isPartOf":{"@id":"https:\/\/ceramix.es\/ca\/#website"},"primaryImageOfPage":{"@id":"https:\/\/ceramix.es\/ca\/producto\/deck-vill\/#primaryimage"},"image":{"@id":"https:\/\/ceramix.es\/ca\/producto\/deck-vill\/#primaryimage"},"thumbnailUrl":"https:\/\/ceramix.es\/wp-content\/uploads\/2026\/03\/ambiente-1.webp","datePublished":"2026-03-11T17:44:40+00:00","description":"La s\u00e8rie Deck-Vill captura l'ess\u00e8ncia i la calidesa de la fusta, fusionant-la amb la durabilitat extrema i el nul manteniment del porcell\u00e0nic. \u00c9s l'opci\u00f3 ideal per aportar sofisticaci\u00f3, confort i continu\u00eftat visual tant en projectes minimalistes com en ambients d'inspiraci\u00f3 m\u00e9s r\u00fastica.","breadcrumb":{"@id":"https:\/\/ceramix.es\/ca\/producto\/deck-vill\/#breadcrumb"},"inLanguage":"ca","potentialAction":[{"@type":"ReadAction","target":["https:\/\/ceramix.es\/ca\/producto\/deck-vill\/"]}]},{"@type":"ImageObject","inLanguage":"ca","@id":"https:\/\/ceramix.es\/ca\/producto\/deck-vill\/#primaryimage","url":"https:\/\/ceramix.es\/wp-content\/uploads\/2026\/03\/ambiente-1.webp","contentUrl":"https:\/\/ceramix.es\/wp-content\/uploads\/2026\/03\/ambiente-1.webp","width":1920,"height":1440},{"@type":"BreadcrumbList","@id":"https:\/\/ceramix.es\/ca\/producto\/deck-vill\/#breadcrumb","itemListElement":[{"@type":"ListItem","position":1,"name":"Ceramix","item":"https:\/\/ceramix.es\/ca\/ceramix\/"},{"@type":"ListItem","position":2,"name":"Cat\u00e0leg de productes","item":"https:\/\/ceramix.es\/ca\/cataleg-de-productes\/"},{"@type":"ListItem","position":3,"name":"Paviments","item":"https:\/\/ceramix.es\/ca\/categoria-producto\/paviments\/"},{"@type":"ListItem","position":4,"name":"Deck-Vill"}]},{"@type":"WebSite","@id":"https:\/\/ceramix.es\/ca\/#website","url":"https:\/\/ceramix.es\/ca\/","name":"Ceramix","description":"Cat\u00e1logo y stocks de gres porcel\u00e1nico e interiorismo.","publisher":{"@id":"https:\/\/ceramix.es\/ca\/#organization"},"potentialAction":[{"@type":"SearchAction","target":{"@type":"EntryPoint","urlTemplate":"https:\/\/ceramix.es\/ca\/?s={search_term_string}"},"query-input":{"@type":"PropertyValueSpecification","valueRequired":true,"valueName":"search_term_string"}}],"inLanguage":"ca"},{"@type":"Organization","@id":"https:\/\/ceramix.es\/ca\/#organization","name":"Ceramix","url":"https:\/\/ceramix.es\/ca\/","logo":{"@type":"ImageObject","inLanguage":"ca","@id":"https:\/\/ceramix.es\/ca\/#\/schema\/logo\/image\/","url":"https:\/\/ceramix.es\/wp-content\/uploads\/2025\/09\/logo-ceramix.png","contentUrl":"https:\/\/ceramix.es\/wp-content\/uploads\/2025\/09\/logo-ceramix.png","width":1200,"height":336,"caption":"Ceramix"},"image":{"@id":"https:\/\/ceramix.es\/ca\/#\/schema\/logo\/image\/"},"sameAs":["https:\/\/www.facebook.com\/ceramix.sbd","https:\/\/www.instagram.com\/ceramix.sbd"]}]}},"_links":{"self":[{"href":"https:\/\/ceramix.es\/ca\/wp-json\/wp\/v2\/product\/3307","targetHints":{"allow":["GET"]}}],"collection":[{"href":"https:\/\/ceramix.es\/ca\/wp-json\/wp\/v2\/product"}],"about":[{"href":"https:\/\/ceramix.es\/ca\/wp-json\/wp\/v2\/types\/product"}],"replies":[{"embeddable":true,"href":"https:\/\/ceramix.es\/ca\/wp-json\/wp\/v2\/comments?post=3307"}],"wp:featuredmedia":[{"embeddable":true,"href":"https:\/\/ceramix.es\/ca\/wp-json\/wp\/v2\/media\/3299"}],"wp:attachment":[{"href":"https:\/\/ceramix.es\/ca\/wp-json\/wp\/v2\/media?parent=3307"}],"wp:term":[{"taxonomy":"product_brand","embeddable":true,"href":"https:\/\/ceramix.es\/ca\/wp-json\/wp\/v2\/product_brand?post=3307"},{"taxonomy":"product_cat","embeddable":true,"href":"https:\/\/ceramix.es\/ca\/wp-json\/wp\/v2\/product_cat?post=3307"},{"taxonomy":"product_tag","embeddable":true,"href":"https:\/\/ceramix.es\/ca\/wp-json\/wp\/v2\/product_tag?post=3307"},{"taxonomy":"estilo-visual","embeddable":true,"href":"https:\/\/ceramix.es\/ca\/wp-json\/wp\/v2\/estilo-visual?post=3307"},{"taxonomy":"coleccion","embeddable":true,"href":"https:\/\/ceramix.es\/ca\/wp-json\/wp\/v2\/coleccion?post=3307"},{"taxonomy":"material","embeddable":true,"href":"https:\/\/ceramix.es\/ca\/wp-json\/wp\/v2\/material?post=3307"},{"taxonomy":"formato","embeddable":true,"href":"https:\/\/ceramix.es\/ca\/wp-json\/wp\/v2\/formato?post=3307"},{"taxonomy":"rectificado","embeddable":true,"href":"https:\/\/ceramix.es\/ca\/wp-json\/wp\/v2\/rectificado?post=3307"},{"taxonomy":"antideslizante","embeddable":true,"href":"https:\/\/ceramix.es\/ca\/wp-json\/wp\/v2\/antideslizante?post=3307"},{"taxonomy":"calidad","embeddable":true,"href":"https:\/\/ceramix.es\/ca\/wp-json\/wp\/v2\/calidad?post=3307"},{"taxonomy":"uso","embeddable":true,"href":"https:\/\/ceramix.es\/ca\/wp-json\/wp\/v2\/uso?post=3307"},{"taxonomy":"color","embeddable":true,"href":"https:\/\/ceramix.es\/ca\/wp-json\/wp\/v2\/color?post=3307"},{"taxonomy":"clasificacion","embeddable":true,"href":"https:\/\/ceramix.es\/ca\/wp-json\/wp\/v2\/clasificacion?post=3307"},{"taxonomy":"acabado","embeddable":true,"href":"https:\/\/ceramix.es\/ca\/wp-json\/wp\/v2\/acabado?post=3307"},{"taxonomy":"etiqueta-destacada","embeddable":true,"href":"https:\/\/ceramix.es\/ca\/wp-json\/wp\/v2\/etiqueta-destacada?post=3307"}],"curies":[{"name":"wp","href":"https:\/\/api.w.org\/{rel}","templated":true}]}}