{"id":3057,"date":"2026-02-16T17:54:17","date_gmt":"2026-02-16T16:54:17","guid":{"rendered":"https:\/\/ceramix.es\/producto\/meteor\/"},"modified":"2026-04-23T10:44:48","modified_gmt":"2026-04-23T08:44:48","slug":"meteor","status":"publish","type":"product","link":"https:\/\/ceramix.es\/ca\/producto\/meteor\/","title":{"rendered":"Meteor"},"content":{"rendered":"<p>Meteor \u00e9s un marbre que no passa desapercebut. Inspirat en la bellesa din\u00e0mica del cosmos, aquest porcell\u00e0nic combina la sumptuositat del marbre amb centellejos minerals que aporten una llum \u00fanica. Els seus dos tons juguen amb vetes marcades que creguin una sensaci\u00f3 de moviment continu i luxe modern.  <\/p>\n","protected":false},"excerpt":{"rendered":"<p>Meteor \u00e9s un marbre que no passa desapercebut. Inspirat en la bellesa din\u00e0mica del cosmos, aquest porcell\u00e0nic combina la sumptuositat del marbre amb centellejos minerals que aporten una llum \u00fanica. Els seus dos tons juguen amb vetes marcades que creguin una sensaci\u00f3 de moviment continu i luxe modern.  <\/p>\n","protected":false},"featured_media":3054,"comment_status":"open","ping_status":"closed","template":"","meta":[],"product_brand":[],"product_cat":[126,127],"product_tag":[],"estilo-visual":[147],"coleccion":[413],"material":[125],"formato":[29],"rectificado":[33],"antideslizante":[214],"calidad":[35],"uso":[129,128,130,131],"color":[407,343],"clasificacion":[118],"acabado":[144],"etiqueta-destacada":[],"class_list":{"0":"post-3057","1":"product","2":"type-product","3":"status-publish","4":"has-post-thumbnail","6":"product_cat-paviments","7":"product_cat-revestiments","8":"estilo-visual-marbre","9":"coleccion-meteor-2","10":"material-porcellanic","11":"formato-60x120","12":"rectificado-si","13":"antideslizante-no","14":"calidad-1a","15":"uso-exterior","16":"uso-interior","17":"uso-paret","18":"uso-terra","19":"color-gold","20":"color-silver","21":"clasificacion-cataleg","22":"acabado-polit","24":"first","25":"instock","26":"shipping-taxable","27":"purchasable","28":"product-type-simple"},"yoast_head":"<!-- This site is optimized with the Yoast SEO plugin v27.4 - https:\/\/yoast.com\/product\/yoast-seo-wordpress\/ -->\n<title>Meteor - Ceramix<\/title>\n<meta name=\"description\" content=\"Meteor \u00e9s un marbre que no passa desapercebut. Inspirat en la bellesa din\u00e0mica del cosmos, aquest porcell\u00e0nic combina la sumptuositat del marbre amb centellejos minerals que aporten una llum \u00fanica. Els seus dos tons juguen amb vetes marcades que creguin una sensaci\u00f3 de moviment continu i luxe modern.\" \/>\n<meta name=\"robots\" content=\"index, follow, max-snippet:-1, max-image-preview:large, max-video-preview:-1\" \/>\n<link rel=\"canonical\" href=\"https:\/\/ceramix.es\/ca\/producto\/meteor\/\" \/>\n<meta property=\"og:locale\" content=\"ca_ES\" \/>\n<meta property=\"og:type\" content=\"article\" \/>\n<meta property=\"og:title\" content=\"Meteor - Ceramix\" \/>\n<meta property=\"og:description\" content=\"Meteor \u00e9s un marbre que no passa desapercebut. Inspirat en la bellesa din\u00e0mica del cosmos, aquest porcell\u00e0nic combina la sumptuositat del marbre amb centellejos minerals que aporten una llum \u00fanica. Els seus dos tons juguen amb vetes marcades que creguin una sensaci\u00f3 de moviment continu i luxe modern.\" \/>\n<meta property=\"og:url\" content=\"https:\/\/ceramix.es\/ca\/producto\/meteor\/\" \/>\n<meta property=\"og:site_name\" content=\"Ceramix\" \/>\n<meta property=\"article:publisher\" content=\"https:\/\/www.facebook.com\/ceramix.sbd\" \/>\n<meta property=\"article:modified_time\" content=\"2026-04-23T08:44:48+00:00\" \/>\n<meta property=\"og:image\" content=\"https:\/\/ceramix.es\/wp-content\/uploads\/2026\/02\/ambiente-27.webp\" \/>\n\t<meta property=\"og:image:width\" content=\"1920\" \/>\n\t<meta property=\"og:image:height\" content=\"1403\" \/>\n\t<meta property=\"og:image:type\" content=\"image\/webp\" \/>\n<meta name=\"twitter:card\" content=\"summary_large_image\" \/>\n<script type=\"application\/ld+json\" class=\"yoast-schema-graph\">{\"@context\":\"https:\\\/\\\/schema.org\",\"@graph\":[{\"@type\":\"WebPage\",\"@id\":\"https:\\\/\\\/ceramix.es\\\/ca\\\/producto\\\/meteor\\\/\",\"url\":\"https:\\\/\\\/ceramix.es\\\/ca\\\/producto\\\/meteor\\\/\",\"name\":\"Meteor - Ceramix\",\"isPartOf\":{\"@id\":\"https:\\\/\\\/ceramix.es\\\/ca\\\/#website\"},\"primaryImageOfPage\":{\"@id\":\"https:\\\/\\\/ceramix.es\\\/ca\\\/producto\\\/meteor\\\/#primaryimage\"},\"image\":{\"@id\":\"https:\\\/\\\/ceramix.es\\\/ca\\\/producto\\\/meteor\\\/#primaryimage\"},\"thumbnailUrl\":\"https:\\\/\\\/ceramix.es\\\/wp-content\\\/uploads\\\/2026\\\/02\\\/ambiente-27.webp\",\"datePublished\":\"2026-02-16T16:54:17+00:00\",\"dateModified\":\"2026-04-23T08:44:48+00:00\",\"description\":\"Meteor \u00e9s un marbre que no passa desapercebut. Inspirat en la bellesa din\u00e0mica del cosmos, aquest porcell\u00e0nic combina la sumptuositat del marbre amb centellejos minerals que aporten una llum \u00fanica. Els seus dos tons juguen amb vetes marcades que creguin una sensaci\u00f3 de moviment continu i luxe modern.\",\"breadcrumb\":{\"@id\":\"https:\\\/\\\/ceramix.es\\\/ca\\\/producto\\\/meteor\\\/#breadcrumb\"},\"inLanguage\":\"ca\",\"potentialAction\":[{\"@type\":\"ReadAction\",\"target\":[\"https:\\\/\\\/ceramix.es\\\/ca\\\/producto\\\/meteor\\\/\"]}]},{\"@type\":\"ImageObject\",\"inLanguage\":\"ca\",\"@id\":\"https:\\\/\\\/ceramix.es\\\/ca\\\/producto\\\/meteor\\\/#primaryimage\",\"url\":\"https:\\\/\\\/ceramix.es\\\/wp-content\\\/uploads\\\/2026\\\/02\\\/ambiente-27.webp\",\"contentUrl\":\"https:\\\/\\\/ceramix.es\\\/wp-content\\\/uploads\\\/2026\\\/02\\\/ambiente-27.webp\",\"width\":1920,\"height\":1403},{\"@type\":\"BreadcrumbList\",\"@id\":\"https:\\\/\\\/ceramix.es\\\/ca\\\/producto\\\/meteor\\\/#breadcrumb\",\"itemListElement\":[{\"@type\":\"ListItem\",\"position\":1,\"name\":\"Ceramix\",\"item\":\"https:\\\/\\\/ceramix.es\\\/ca\\\/ceramix\\\/\"},{\"@type\":\"ListItem\",\"position\":2,\"name\":\"Cat\u00e0leg de productes\",\"item\":\"https:\\\/\\\/ceramix.es\\\/ca\\\/cataleg-de-productes\\\/\"},{\"@type\":\"ListItem\",\"position\":3,\"name\":\"Paviments\",\"item\":\"https:\\\/\\\/ceramix.es\\\/ca\\\/categoria-producto\\\/paviments\\\/\"},{\"@type\":\"ListItem\",\"position\":4,\"name\":\"Meteor\"}]},{\"@type\":\"WebSite\",\"@id\":\"https:\\\/\\\/ceramix.es\\\/ca\\\/#website\",\"url\":\"https:\\\/\\\/ceramix.es\\\/ca\\\/\",\"name\":\"Ceramix\",\"description\":\"Cat\u00e1logo y stocks de gres porcel\u00e1nico e interiorismo.\",\"publisher\":{\"@id\":\"https:\\\/\\\/ceramix.es\\\/ca\\\/#organization\"},\"potentialAction\":[{\"@type\":\"SearchAction\",\"target\":{\"@type\":\"EntryPoint\",\"urlTemplate\":\"https:\\\/\\\/ceramix.es\\\/ca\\\/?s={search_term_string}\"},\"query-input\":{\"@type\":\"PropertyValueSpecification\",\"valueRequired\":true,\"valueName\":\"search_term_string\"}}],\"inLanguage\":\"ca\"},{\"@type\":\"Organization\",\"@id\":\"https:\\\/\\\/ceramix.es\\\/ca\\\/#organization\",\"name\":\"Ceramix\",\"url\":\"https:\\\/\\\/ceramix.es\\\/ca\\\/\",\"logo\":{\"@type\":\"ImageObject\",\"inLanguage\":\"ca\",\"@id\":\"https:\\\/\\\/ceramix.es\\\/ca\\\/#\\\/schema\\\/logo\\\/image\\\/\",\"url\":\"https:\\\/\\\/ceramix.es\\\/wp-content\\\/uploads\\\/2025\\\/09\\\/logo-ceramix.png\",\"contentUrl\":\"https:\\\/\\\/ceramix.es\\\/wp-content\\\/uploads\\\/2025\\\/09\\\/logo-ceramix.png\",\"width\":1200,\"height\":336,\"caption\":\"Ceramix\"},\"image\":{\"@id\":\"https:\\\/\\\/ceramix.es\\\/ca\\\/#\\\/schema\\\/logo\\\/image\\\/\"},\"sameAs\":[\"https:\\\/\\\/www.facebook.com\\\/ceramix.sbd\",\"https:\\\/\\\/www.instagram.com\\\/ceramix.sbd\"]}]}<\/script>\n<!-- \/ Yoast SEO plugin. -->","yoast_head_json":{"title":"Meteor - Ceramix","description":"Meteor \u00e9s un marbre que no passa desapercebut. Inspirat en la bellesa din\u00e0mica del cosmos, aquest porcell\u00e0nic combina la sumptuositat del marbre amb centellejos minerals que aporten una llum \u00fanica. Els seus dos tons juguen amb vetes marcades que creguin una sensaci\u00f3 de moviment continu i luxe modern.","robots":{"index":"index","follow":"follow","max-snippet":"max-snippet:-1","max-image-preview":"max-image-preview:large","max-video-preview":"max-video-preview:-1"},"canonical":"https:\/\/ceramix.es\/ca\/producto\/meteor\/","og_locale":"ca_ES","og_type":"article","og_title":"Meteor - Ceramix","og_description":"Meteor \u00e9s un marbre que no passa desapercebut. Inspirat en la bellesa din\u00e0mica del cosmos, aquest porcell\u00e0nic combina la sumptuositat del marbre amb centellejos minerals que aporten una llum \u00fanica. Els seus dos tons juguen amb vetes marcades que creguin una sensaci\u00f3 de moviment continu i luxe modern.","og_url":"https:\/\/ceramix.es\/ca\/producto\/meteor\/","og_site_name":"Ceramix","article_publisher":"https:\/\/www.facebook.com\/ceramix.sbd","article_modified_time":"2026-04-23T08:44:48+00:00","og_image":[{"width":1920,"height":1403,"url":"https:\/\/ceramix.es\/wp-content\/uploads\/2026\/02\/ambiente-27.webp","type":"image\/webp"}],"twitter_card":"summary_large_image","schema":{"@context":"https:\/\/schema.org","@graph":[{"@type":"WebPage","@id":"https:\/\/ceramix.es\/ca\/producto\/meteor\/","url":"https:\/\/ceramix.es\/ca\/producto\/meteor\/","name":"Meteor - Ceramix","isPartOf":{"@id":"https:\/\/ceramix.es\/ca\/#website"},"primaryImageOfPage":{"@id":"https:\/\/ceramix.es\/ca\/producto\/meteor\/#primaryimage"},"image":{"@id":"https:\/\/ceramix.es\/ca\/producto\/meteor\/#primaryimage"},"thumbnailUrl":"https:\/\/ceramix.es\/wp-content\/uploads\/2026\/02\/ambiente-27.webp","datePublished":"2026-02-16T16:54:17+00:00","dateModified":"2026-04-23T08:44:48+00:00","description":"Meteor \u00e9s un marbre que no passa desapercebut. Inspirat en la bellesa din\u00e0mica del cosmos, aquest porcell\u00e0nic combina la sumptuositat del marbre amb centellejos minerals que aporten una llum \u00fanica. Els seus dos tons juguen amb vetes marcades que creguin una sensaci\u00f3 de moviment continu i luxe modern.","breadcrumb":{"@id":"https:\/\/ceramix.es\/ca\/producto\/meteor\/#breadcrumb"},"inLanguage":"ca","potentialAction":[{"@type":"ReadAction","target":["https:\/\/ceramix.es\/ca\/producto\/meteor\/"]}]},{"@type":"ImageObject","inLanguage":"ca","@id":"https:\/\/ceramix.es\/ca\/producto\/meteor\/#primaryimage","url":"https:\/\/ceramix.es\/wp-content\/uploads\/2026\/02\/ambiente-27.webp","contentUrl":"https:\/\/ceramix.es\/wp-content\/uploads\/2026\/02\/ambiente-27.webp","width":1920,"height":1403},{"@type":"BreadcrumbList","@id":"https:\/\/ceramix.es\/ca\/producto\/meteor\/#breadcrumb","itemListElement":[{"@type":"ListItem","position":1,"name":"Ceramix","item":"https:\/\/ceramix.es\/ca\/ceramix\/"},{"@type":"ListItem","position":2,"name":"Cat\u00e0leg de productes","item":"https:\/\/ceramix.es\/ca\/cataleg-de-productes\/"},{"@type":"ListItem","position":3,"name":"Paviments","item":"https:\/\/ceramix.es\/ca\/categoria-producto\/paviments\/"},{"@type":"ListItem","position":4,"name":"Meteor"}]},{"@type":"WebSite","@id":"https:\/\/ceramix.es\/ca\/#website","url":"https:\/\/ceramix.es\/ca\/","name":"Ceramix","description":"Cat\u00e1logo y stocks de gres porcel\u00e1nico e interiorismo.","publisher":{"@id":"https:\/\/ceramix.es\/ca\/#organization"},"potentialAction":[{"@type":"SearchAction","target":{"@type":"EntryPoint","urlTemplate":"https:\/\/ceramix.es\/ca\/?s={search_term_string}"},"query-input":{"@type":"PropertyValueSpecification","valueRequired":true,"valueName":"search_term_string"}}],"inLanguage":"ca"},{"@type":"Organization","@id":"https:\/\/ceramix.es\/ca\/#organization","name":"Ceramix","url":"https:\/\/ceramix.es\/ca\/","logo":{"@type":"ImageObject","inLanguage":"ca","@id":"https:\/\/ceramix.es\/ca\/#\/schema\/logo\/image\/","url":"https:\/\/ceramix.es\/wp-content\/uploads\/2025\/09\/logo-ceramix.png","contentUrl":"https:\/\/ceramix.es\/wp-content\/uploads\/2025\/09\/logo-ceramix.png","width":1200,"height":336,"caption":"Ceramix"},"image":{"@id":"https:\/\/ceramix.es\/ca\/#\/schema\/logo\/image\/"},"sameAs":["https:\/\/www.facebook.com\/ceramix.sbd","https:\/\/www.instagram.com\/ceramix.sbd"]}]}},"_links":{"self":[{"href":"https:\/\/ceramix.es\/ca\/wp-json\/wp\/v2\/product\/3057","targetHints":{"allow":["GET"]}}],"collection":[{"href":"https:\/\/ceramix.es\/ca\/wp-json\/wp\/v2\/product"}],"about":[{"href":"https:\/\/ceramix.es\/ca\/wp-json\/wp\/v2\/types\/product"}],"replies":[{"embeddable":true,"href":"https:\/\/ceramix.es\/ca\/wp-json\/wp\/v2\/comments?post=3057"}],"wp:featuredmedia":[{"embeddable":true,"href":"https:\/\/ceramix.es\/ca\/wp-json\/wp\/v2\/media\/3054"}],"wp:attachment":[{"href":"https:\/\/ceramix.es\/ca\/wp-json\/wp\/v2\/media?parent=3057"}],"wp:term":[{"taxonomy":"product_brand","embeddable":true,"href":"https:\/\/ceramix.es\/ca\/wp-json\/wp\/v2\/product_brand?post=3057"},{"taxonomy":"product_cat","embeddable":true,"href":"https:\/\/ceramix.es\/ca\/wp-json\/wp\/v2\/product_cat?post=3057"},{"taxonomy":"product_tag","embeddable":true,"href":"https:\/\/ceramix.es\/ca\/wp-json\/wp\/v2\/product_tag?post=3057"},{"taxonomy":"estilo-visual","embeddable":true,"href":"https:\/\/ceramix.es\/ca\/wp-json\/wp\/v2\/estilo-visual?post=3057"},{"taxonomy":"coleccion","embeddable":true,"href":"https:\/\/ceramix.es\/ca\/wp-json\/wp\/v2\/coleccion?post=3057"},{"taxonomy":"material","embeddable":true,"href":"https:\/\/ceramix.es\/ca\/wp-json\/wp\/v2\/material?post=3057"},{"taxonomy":"formato","embeddable":true,"href":"https:\/\/ceramix.es\/ca\/wp-json\/wp\/v2\/formato?post=3057"},{"taxonomy":"rectificado","embeddable":true,"href":"https:\/\/ceramix.es\/ca\/wp-json\/wp\/v2\/rectificado?post=3057"},{"taxonomy":"antideslizante","embeddable":true,"href":"https:\/\/ceramix.es\/ca\/wp-json\/wp\/v2\/antideslizante?post=3057"},{"taxonomy":"calidad","embeddable":true,"href":"https:\/\/ceramix.es\/ca\/wp-json\/wp\/v2\/calidad?post=3057"},{"taxonomy":"uso","embeddable":true,"href":"https:\/\/ceramix.es\/ca\/wp-json\/wp\/v2\/uso?post=3057"},{"taxonomy":"color","embeddable":true,"href":"https:\/\/ceramix.es\/ca\/wp-json\/wp\/v2\/color?post=3057"},{"taxonomy":"clasificacion","embeddable":true,"href":"https:\/\/ceramix.es\/ca\/wp-json\/wp\/v2\/clasificacion?post=3057"},{"taxonomy":"acabado","embeddable":true,"href":"https:\/\/ceramix.es\/ca\/wp-json\/wp\/v2\/acabado?post=3057"},{"taxonomy":"etiqueta-destacada","embeddable":true,"href":"https:\/\/ceramix.es\/ca\/wp-json\/wp\/v2\/etiqueta-destacada?post=3057"}],"curies":[{"name":"wp","href":"https:\/\/api.w.org\/{rel}","templated":true}]}}