{"id":2365,"date":"2026-02-05T12:17:21","date_gmt":"2026-02-05T11:17:21","guid":{"rendered":"https:\/\/ceramix.es\/producto\/lucca-flagstone-camel\/"},"modified":"2026-04-23T15:07:25","modified_gmt":"2026-04-23T13:07:25","slug":"lucca-flagstone-camel","status":"publish","type":"product","link":"https:\/\/ceramix.es\/ca\/producto\/lucca-flagstone-camel\/","title":{"rendered":"Lucca Flagstone Camel"},"content":{"rendered":"<p>La s\u00e8rie Lucca \u00e9s un porcell\u00e0nic que evoca la bellesa atemporal de la pedra calc\u00e0ria natural. La combinaci\u00f3 de les seves diferents gr\u00e0fiques ofereix un disseny destonificat, ideal per reproduir espais on es respira calma, fusionant el r\u00fastic amb el contemporani. <\/p>\n","protected":false},"excerpt":{"rendered":"<p>La s\u00e8rie Lucca \u00e9s un porcell\u00e0nic que evoca la bellesa atemporal de la pedra calc\u00e0ria natural. La combinaci\u00f3 de les seves diferents gr\u00e0fiques ofereix un disseny destonificat, ideal per reproduir espais on es respira calma, fusionant el r\u00fastic amb el contemporani. <\/p>\n","protected":false},"featured_media":3400,"comment_status":"open","ping_status":"closed","template":"","meta":[],"product_brand":[],"product_cat":[126,127],"product_tag":[],"estilo-visual":[170],"coleccion":[],"material":[125],"formato":[258],"rectificado":[33],"antideslizante":[214],"calidad":[35],"uso":[129,128,130,131],"color":[261],"clasificacion":[190],"acabado":[117],"etiqueta-destacada":[164,165],"class_list":{"0":"post-2365","1":"product","2":"type-product","3":"status-publish","4":"has-post-thumbnail","6":"product_cat-paviments","7":"product_cat-revestiments","8":"estilo-visual-pedra","9":"material-porcellanic","10":"formato-60x90","11":"rectificado-si","12":"antideslizante-no","13":"calidad-1a","14":"uso-exterior","15":"uso-interior","16":"uso-paret","17":"uso-terra","18":"color-marro-camel","19":"clasificacion-disponibilitat-immediata","20":"acabado-mate","21":"etiqueta-destacada-oferta","22":"etiqueta-destacada-ultimes-unitats","24":"first","25":"instock","26":"sale","27":"shipping-taxable","28":"purchasable","29":"product-type-simple"},"yoast_head":"<!-- This site is optimized with the Yoast SEO plugin v27.4 - https:\/\/yoast.com\/product\/yoast-seo-wordpress\/ -->\n<title>Lucca Flagstone Camel - Ceramix<\/title>\n<meta name=\"description\" content=\"La s\u00e8rie Lucca \u00e9s un porcell\u00e0nic que evoca la bellesa atemporal de la pedra calc\u00e0ria natural. La combinaci\u00f3 de les seves diferents gr\u00e0fiques ofereix un disseny destonificat, ideal per reproduir espais on es respira calma, fusionant el r\u00fastic amb el contemporani.\" \/>\n<meta name=\"robots\" content=\"index, follow, max-snippet:-1, max-image-preview:large, max-video-preview:-1\" \/>\n<link rel=\"canonical\" href=\"https:\/\/ceramix.es\/ca\/producto\/lucca-flagstone-camel\/\" \/>\n<meta property=\"og:locale\" content=\"ca_ES\" \/>\n<meta property=\"og:type\" content=\"article\" \/>\n<meta property=\"og:title\" content=\"Lucca Flagstone Camel - Ceramix\" \/>\n<meta property=\"og:description\" content=\"La s\u00e8rie Lucca \u00e9s un porcell\u00e0nic que evoca la bellesa atemporal de la pedra calc\u00e0ria natural. La combinaci\u00f3 de les seves diferents gr\u00e0fiques ofereix un disseny destonificat, ideal per reproduir espais on es respira calma, fusionant el r\u00fastic amb el contemporani.\" \/>\n<meta property=\"og:url\" content=\"https:\/\/ceramix.es\/ca\/producto\/lucca-flagstone-camel\/\" \/>\n<meta property=\"og:site_name\" content=\"Ceramix\" \/>\n<meta property=\"article:publisher\" content=\"https:\/\/www.facebook.com\/ceramix.sbd\" \/>\n<meta property=\"article:modified_time\" content=\"2026-04-23T13:07:25+00:00\" \/>\n<meta property=\"og:image\" content=\"https:\/\/ceramix.es\/wp-content\/uploads\/2026\/02\/lucca-ambiente-12.webp\" \/>\n\t<meta property=\"og:image:width\" content=\"2000\" \/>\n\t<meta property=\"og:image:height\" content=\"1250\" \/>\n\t<meta property=\"og:image:type\" content=\"image\/jpeg\" \/>\n<meta name=\"twitter:card\" content=\"summary_large_image\" \/>\n<script type=\"application\/ld+json\" class=\"yoast-schema-graph\">{\"@context\":\"https:\\\/\\\/schema.org\",\"@graph\":[{\"@type\":\"WebPage\",\"@id\":\"https:\\\/\\\/ceramix.es\\\/ca\\\/producto\\\/lucca-flagstone-camel\\\/\",\"url\":\"https:\\\/\\\/ceramix.es\\\/ca\\\/producto\\\/lucca-flagstone-camel\\\/\",\"name\":\"Lucca Flagstone Camel - Ceramix\",\"isPartOf\":{\"@id\":\"https:\\\/\\\/ceramix.es\\\/ca\\\/#website\"},\"primaryImageOfPage\":{\"@id\":\"https:\\\/\\\/ceramix.es\\\/ca\\\/producto\\\/lucca-flagstone-camel\\\/#primaryimage\"},\"image\":{\"@id\":\"https:\\\/\\\/ceramix.es\\\/ca\\\/producto\\\/lucca-flagstone-camel\\\/#primaryimage\"},\"thumbnailUrl\":\"https:\\\/\\\/ceramix.es\\\/wp-content\\\/uploads\\\/2026\\\/02\\\/lucca-ambiente-12.webp\",\"datePublished\":\"2026-02-05T11:17:21+00:00\",\"dateModified\":\"2026-04-23T13:07:25+00:00\",\"description\":\"La s\u00e8rie Lucca \u00e9s un porcell\u00e0nic que evoca la bellesa atemporal de la pedra calc\u00e0ria natural. La combinaci\u00f3 de les seves diferents gr\u00e0fiques ofereix un disseny destonificat, ideal per reproduir espais on es respira calma, fusionant el r\u00fastic amb el contemporani.\",\"breadcrumb\":{\"@id\":\"https:\\\/\\\/ceramix.es\\\/ca\\\/producto\\\/lucca-flagstone-camel\\\/#breadcrumb\"},\"inLanguage\":\"ca\",\"potentialAction\":[{\"@type\":\"ReadAction\",\"target\":[\"https:\\\/\\\/ceramix.es\\\/ca\\\/producto\\\/lucca-flagstone-camel\\\/\"]}]},{\"@type\":\"ImageObject\",\"inLanguage\":\"ca\",\"@id\":\"https:\\\/\\\/ceramix.es\\\/ca\\\/producto\\\/lucca-flagstone-camel\\\/#primaryimage\",\"url\":\"https:\\\/\\\/ceramix.es\\\/wp-content\\\/uploads\\\/2026\\\/02\\\/lucca-ambiente-12.webp\",\"contentUrl\":\"https:\\\/\\\/ceramix.es\\\/wp-content\\\/uploads\\\/2026\\\/02\\\/lucca-ambiente-12.webp\",\"width\":2000,\"height\":1250},{\"@type\":\"BreadcrumbList\",\"@id\":\"https:\\\/\\\/ceramix.es\\\/ca\\\/producto\\\/lucca-flagstone-camel\\\/#breadcrumb\",\"itemListElement\":[{\"@type\":\"ListItem\",\"position\":1,\"name\":\"Ceramix\",\"item\":\"https:\\\/\\\/ceramix.es\\\/ca\\\/ceramix\\\/\"},{\"@type\":\"ListItem\",\"position\":2,\"name\":\"Cat\u00e0leg de productes\",\"item\":\"https:\\\/\\\/ceramix.es\\\/ca\\\/cataleg-de-productes\\\/\"},{\"@type\":\"ListItem\",\"position\":3,\"name\":\"Revestiments\",\"item\":\"https:\\\/\\\/ceramix.es\\\/ca\\\/categoria-producto\\\/revestiments\\\/\"},{\"@type\":\"ListItem\",\"position\":4,\"name\":\"Lucca Flagstone Camel\"}]},{\"@type\":\"WebSite\",\"@id\":\"https:\\\/\\\/ceramix.es\\\/ca\\\/#website\",\"url\":\"https:\\\/\\\/ceramix.es\\\/ca\\\/\",\"name\":\"Ceramix\",\"description\":\"Cat\u00e1logo y stocks de gres porcel\u00e1nico e interiorismo.\",\"publisher\":{\"@id\":\"https:\\\/\\\/ceramix.es\\\/ca\\\/#organization\"},\"potentialAction\":[{\"@type\":\"SearchAction\",\"target\":{\"@type\":\"EntryPoint\",\"urlTemplate\":\"https:\\\/\\\/ceramix.es\\\/ca\\\/?s={search_term_string}\"},\"query-input\":{\"@type\":\"PropertyValueSpecification\",\"valueRequired\":true,\"valueName\":\"search_term_string\"}}],\"inLanguage\":\"ca\"},{\"@type\":\"Organization\",\"@id\":\"https:\\\/\\\/ceramix.es\\\/ca\\\/#organization\",\"name\":\"Ceramix\",\"url\":\"https:\\\/\\\/ceramix.es\\\/ca\\\/\",\"logo\":{\"@type\":\"ImageObject\",\"inLanguage\":\"ca\",\"@id\":\"https:\\\/\\\/ceramix.es\\\/ca\\\/#\\\/schema\\\/logo\\\/image\\\/\",\"url\":\"https:\\\/\\\/ceramix.es\\\/wp-content\\\/uploads\\\/2025\\\/09\\\/logo-ceramix.png\",\"contentUrl\":\"https:\\\/\\\/ceramix.es\\\/wp-content\\\/uploads\\\/2025\\\/09\\\/logo-ceramix.png\",\"width\":1200,\"height\":336,\"caption\":\"Ceramix\"},\"image\":{\"@id\":\"https:\\\/\\\/ceramix.es\\\/ca\\\/#\\\/schema\\\/logo\\\/image\\\/\"},\"sameAs\":[\"https:\\\/\\\/www.facebook.com\\\/ceramix.sbd\",\"https:\\\/\\\/www.instagram.com\\\/ceramix.sbd\"]}]}<\/script>\n<!-- \/ Yoast SEO plugin. -->","yoast_head_json":{"title":"Lucca Flagstone Camel - Ceramix","description":"La s\u00e8rie Lucca \u00e9s un porcell\u00e0nic que evoca la bellesa atemporal de la pedra calc\u00e0ria natural. La combinaci\u00f3 de les seves diferents gr\u00e0fiques ofereix un disseny destonificat, ideal per reproduir espais on es respira calma, fusionant el r\u00fastic amb el contemporani.","robots":{"index":"index","follow":"follow","max-snippet":"max-snippet:-1","max-image-preview":"max-image-preview:large","max-video-preview":"max-video-preview:-1"},"canonical":"https:\/\/ceramix.es\/ca\/producto\/lucca-flagstone-camel\/","og_locale":"ca_ES","og_type":"article","og_title":"Lucca Flagstone Camel - Ceramix","og_description":"La s\u00e8rie Lucca \u00e9s un porcell\u00e0nic que evoca la bellesa atemporal de la pedra calc\u00e0ria natural. La combinaci\u00f3 de les seves diferents gr\u00e0fiques ofereix un disseny destonificat, ideal per reproduir espais on es respira calma, fusionant el r\u00fastic amb el contemporani.","og_url":"https:\/\/ceramix.es\/ca\/producto\/lucca-flagstone-camel\/","og_site_name":"Ceramix","article_publisher":"https:\/\/www.facebook.com\/ceramix.sbd","article_modified_time":"2026-04-23T13:07:25+00:00","og_image":[{"width":2000,"height":1250,"url":"https:\/\/ceramix.es\/wp-content\/uploads\/2026\/02\/lucca-ambiente-12.webp","type":"image\/jpeg"}],"twitter_card":"summary_large_image","schema":{"@context":"https:\/\/schema.org","@graph":[{"@type":"WebPage","@id":"https:\/\/ceramix.es\/ca\/producto\/lucca-flagstone-camel\/","url":"https:\/\/ceramix.es\/ca\/producto\/lucca-flagstone-camel\/","name":"Lucca Flagstone Camel - Ceramix","isPartOf":{"@id":"https:\/\/ceramix.es\/ca\/#website"},"primaryImageOfPage":{"@id":"https:\/\/ceramix.es\/ca\/producto\/lucca-flagstone-camel\/#primaryimage"},"image":{"@id":"https:\/\/ceramix.es\/ca\/producto\/lucca-flagstone-camel\/#primaryimage"},"thumbnailUrl":"https:\/\/ceramix.es\/wp-content\/uploads\/2026\/02\/lucca-ambiente-12.webp","datePublished":"2026-02-05T11:17:21+00:00","dateModified":"2026-04-23T13:07:25+00:00","description":"La s\u00e8rie Lucca \u00e9s un porcell\u00e0nic que evoca la bellesa atemporal de la pedra calc\u00e0ria natural. La combinaci\u00f3 de les seves diferents gr\u00e0fiques ofereix un disseny destonificat, ideal per reproduir espais on es respira calma, fusionant el r\u00fastic amb el contemporani.","breadcrumb":{"@id":"https:\/\/ceramix.es\/ca\/producto\/lucca-flagstone-camel\/#breadcrumb"},"inLanguage":"ca","potentialAction":[{"@type":"ReadAction","target":["https:\/\/ceramix.es\/ca\/producto\/lucca-flagstone-camel\/"]}]},{"@type":"ImageObject","inLanguage":"ca","@id":"https:\/\/ceramix.es\/ca\/producto\/lucca-flagstone-camel\/#primaryimage","url":"https:\/\/ceramix.es\/wp-content\/uploads\/2026\/02\/lucca-ambiente-12.webp","contentUrl":"https:\/\/ceramix.es\/wp-content\/uploads\/2026\/02\/lucca-ambiente-12.webp","width":2000,"height":1250},{"@type":"BreadcrumbList","@id":"https:\/\/ceramix.es\/ca\/producto\/lucca-flagstone-camel\/#breadcrumb","itemListElement":[{"@type":"ListItem","position":1,"name":"Ceramix","item":"https:\/\/ceramix.es\/ca\/ceramix\/"},{"@type":"ListItem","position":2,"name":"Cat\u00e0leg de productes","item":"https:\/\/ceramix.es\/ca\/cataleg-de-productes\/"},{"@type":"ListItem","position":3,"name":"Revestiments","item":"https:\/\/ceramix.es\/ca\/categoria-producto\/revestiments\/"},{"@type":"ListItem","position":4,"name":"Lucca Flagstone Camel"}]},{"@type":"WebSite","@id":"https:\/\/ceramix.es\/ca\/#website","url":"https:\/\/ceramix.es\/ca\/","name":"Ceramix","description":"Cat\u00e1logo y stocks de gres porcel\u00e1nico e interiorismo.","publisher":{"@id":"https:\/\/ceramix.es\/ca\/#organization"},"potentialAction":[{"@type":"SearchAction","target":{"@type":"EntryPoint","urlTemplate":"https:\/\/ceramix.es\/ca\/?s={search_term_string}"},"query-input":{"@type":"PropertyValueSpecification","valueRequired":true,"valueName":"search_term_string"}}],"inLanguage":"ca"},{"@type":"Organization","@id":"https:\/\/ceramix.es\/ca\/#organization","name":"Ceramix","url":"https:\/\/ceramix.es\/ca\/","logo":{"@type":"ImageObject","inLanguage":"ca","@id":"https:\/\/ceramix.es\/ca\/#\/schema\/logo\/image\/","url":"https:\/\/ceramix.es\/wp-content\/uploads\/2025\/09\/logo-ceramix.png","contentUrl":"https:\/\/ceramix.es\/wp-content\/uploads\/2025\/09\/logo-ceramix.png","width":1200,"height":336,"caption":"Ceramix"},"image":{"@id":"https:\/\/ceramix.es\/ca\/#\/schema\/logo\/image\/"},"sameAs":["https:\/\/www.facebook.com\/ceramix.sbd","https:\/\/www.instagram.com\/ceramix.sbd"]}]}},"_links":{"self":[{"href":"https:\/\/ceramix.es\/ca\/wp-json\/wp\/v2\/product\/2365","targetHints":{"allow":["GET"]}}],"collection":[{"href":"https:\/\/ceramix.es\/ca\/wp-json\/wp\/v2\/product"}],"about":[{"href":"https:\/\/ceramix.es\/ca\/wp-json\/wp\/v2\/types\/product"}],"replies":[{"embeddable":true,"href":"https:\/\/ceramix.es\/ca\/wp-json\/wp\/v2\/comments?post=2365"}],"wp:featuredmedia":[{"embeddable":true,"href":"https:\/\/ceramix.es\/ca\/wp-json\/wp\/v2\/media\/3400"}],"wp:attachment":[{"href":"https:\/\/ceramix.es\/ca\/wp-json\/wp\/v2\/media?parent=2365"}],"wp:term":[{"taxonomy":"product_brand","embeddable":true,"href":"https:\/\/ceramix.es\/ca\/wp-json\/wp\/v2\/product_brand?post=2365"},{"taxonomy":"product_cat","embeddable":true,"href":"https:\/\/ceramix.es\/ca\/wp-json\/wp\/v2\/product_cat?post=2365"},{"taxonomy":"product_tag","embeddable":true,"href":"https:\/\/ceramix.es\/ca\/wp-json\/wp\/v2\/product_tag?post=2365"},{"taxonomy":"estilo-visual","embeddable":true,"href":"https:\/\/ceramix.es\/ca\/wp-json\/wp\/v2\/estilo-visual?post=2365"},{"taxonomy":"coleccion","embeddable":true,"href":"https:\/\/ceramix.es\/ca\/wp-json\/wp\/v2\/coleccion?post=2365"},{"taxonomy":"material","embeddable":true,"href":"https:\/\/ceramix.es\/ca\/wp-json\/wp\/v2\/material?post=2365"},{"taxonomy":"formato","embeddable":true,"href":"https:\/\/ceramix.es\/ca\/wp-json\/wp\/v2\/formato?post=2365"},{"taxonomy":"rectificado","embeddable":true,"href":"https:\/\/ceramix.es\/ca\/wp-json\/wp\/v2\/rectificado?post=2365"},{"taxonomy":"antideslizante","embeddable":true,"href":"https:\/\/ceramix.es\/ca\/wp-json\/wp\/v2\/antideslizante?post=2365"},{"taxonomy":"calidad","embeddable":true,"href":"https:\/\/ceramix.es\/ca\/wp-json\/wp\/v2\/calidad?post=2365"},{"taxonomy":"uso","embeddable":true,"href":"https:\/\/ceramix.es\/ca\/wp-json\/wp\/v2\/uso?post=2365"},{"taxonomy":"color","embeddable":true,"href":"https:\/\/ceramix.es\/ca\/wp-json\/wp\/v2\/color?post=2365"},{"taxonomy":"clasificacion","embeddable":true,"href":"https:\/\/ceramix.es\/ca\/wp-json\/wp\/v2\/clasificacion?post=2365"},{"taxonomy":"acabado","embeddable":true,"href":"https:\/\/ceramix.es\/ca\/wp-json\/wp\/v2\/acabado?post=2365"},{"taxonomy":"etiqueta-destacada","embeddable":true,"href":"https:\/\/ceramix.es\/ca\/wp-json\/wp\/v2\/etiqueta-destacada?post=2365"}],"curies":[{"name":"wp","href":"https:\/\/api.w.org\/{rel}","templated":true}]}}