{"id":1930,"date":"2026-01-28T15:08:44","date_gmt":"2026-01-28T14:08:44","guid":{"rendered":"https:\/\/ceramix.es\/producto\/roma-silvar\/"},"modified":"2026-03-05T12:12:29","modified_gmt":"2026-03-05T11:12:29","slug":"roma-silvar","status":"publish","type":"product","link":"https:\/\/ceramix.es\/ca\/producto\/roma-silvar\/","title":{"rendered":"Roma Silvar"},"content":{"rendered":"<p>La s\u00e8rie Roma \u00e9s una rajola destinada al revestiment d&#8217;interiors i presenta un acabat mat. Ofereix un tacte sed\u00f3s, tons calmats i una f\u00e0cil col\u00b7locaci\u00f3. Aquesta col\u00b7lecci\u00f3 \u00e9s el m\u00e0xim exponent de la suavitat en cer\u00e0mica.  <\/p>\n","protected":false},"excerpt":{"rendered":"<p>La s\u00e8rie Roma \u00e9s una rajola destinada al revestiment d&#8217;interiors i presenta un acabat mat. Ofereix un tacte sed\u00f3s, tons calmats i una f\u00e0cil col\u00b7locaci\u00f3. Aquesta col\u00b7lecci\u00f3 \u00e9s el m\u00e0xim exponent de la suavitat en cer\u00e0mica.  <\/p>\n","protected":false},"featured_media":3485,"comment_status":"open","ping_status":"closed","template":"","meta":[],"product_brand":[],"product_cat":[127],"product_tag":[],"estilo-visual":[196],"coleccion":[210],"material":[211],"formato":[206],"rectificado":[33],"antideslizante":[214],"calidad":[208],"uso":[128,130],"color":[120],"clasificacion":[190],"acabado":[209],"etiqueta-destacada":[164,165],"class_list":{"0":"post-1930","1":"product","2":"type-product","3":"status-publish","4":"has-post-thumbnail","6":"product_cat-revestiments","7":"estilo-visual-monocolor","8":"coleccion-roma","9":"material-pasta-blanca","10":"formato-33x100","11":"rectificado-si","12":"antideslizante-no","13":"calidad-st","14":"uso-interior","15":"uso-paret","16":"color-gris","17":"clasificacion-disponibilitat-immediata","18":"acabado-satinat","19":"etiqueta-destacada-oferta","20":"etiqueta-destacada-ultimes-unitats","22":"first","23":"instock","24":"sale","25":"shipping-taxable","26":"purchasable","27":"product-type-simple"},"yoast_head":"<!-- This site is optimized with the Yoast SEO plugin v27.4 - https:\/\/yoast.com\/product\/yoast-seo-wordpress\/ -->\n<title>Roma Silvar - Ceramix<\/title>\n<meta name=\"description\" content=\"La s\u00e8rie Roma \u00e9s una rajola destinada al revestiment d&#039;interiors i presenta un acabat mat. Ofereix un tacte sed\u00f3s, tons calmats i una f\u00e0cil col\u00b7locaci\u00f3. Aquesta col\u00b7lecci\u00f3 \u00e9s el m\u00e0xim exponent de la suavitat en cer\u00e0mica.\" \/>\n<meta name=\"robots\" content=\"index, follow, max-snippet:-1, max-image-preview:large, max-video-preview:-1\" \/>\n<link rel=\"canonical\" href=\"https:\/\/ceramix.es\/ca\/producto\/roma-silvar\/\" \/>\n<meta property=\"og:locale\" content=\"ca_ES\" \/>\n<meta property=\"og:type\" content=\"article\" \/>\n<meta property=\"og:title\" content=\"Roma Silvar - Ceramix\" \/>\n<meta property=\"og:description\" content=\"La s\u00e8rie Roma \u00e9s una rajola destinada al revestiment d&#039;interiors i presenta un acabat mat. Ofereix un tacte sed\u00f3s, tons calmats i una f\u00e0cil col\u00b7locaci\u00f3. Aquesta col\u00b7lecci\u00f3 \u00e9s el m\u00e0xim exponent de la suavitat en cer\u00e0mica.\" \/>\n<meta property=\"og:url\" content=\"https:\/\/ceramix.es\/ca\/producto\/roma-silvar\/\" \/>\n<meta property=\"og:site_name\" content=\"Ceramix\" \/>\n<meta property=\"article:publisher\" content=\"https:\/\/www.facebook.com\/ceramix.sbd\" \/>\n<meta property=\"article:modified_time\" content=\"2026-03-05T11:12:29+00:00\" \/>\n<meta property=\"og:image\" content=\"https:\/\/ceramix.es\/wp-content\/uploads\/2026\/01\/ambiente.jpg\" \/>\n\t<meta property=\"og:image:width\" content=\"2000\" \/>\n\t<meta property=\"og:image:height\" content=\"1500\" \/>\n\t<meta property=\"og:image:type\" content=\"image\/jpeg\" \/>\n<meta name=\"twitter:card\" content=\"summary_large_image\" \/>\n<script type=\"application\/ld+json\" class=\"yoast-schema-graph\">{\"@context\":\"https:\\\/\\\/schema.org\",\"@graph\":[{\"@type\":\"WebPage\",\"@id\":\"https:\\\/\\\/ceramix.es\\\/ca\\\/producto\\\/roma-silvar\\\/\",\"url\":\"https:\\\/\\\/ceramix.es\\\/ca\\\/producto\\\/roma-silvar\\\/\",\"name\":\"Roma Silvar - Ceramix\",\"isPartOf\":{\"@id\":\"https:\\\/\\\/ceramix.es\\\/ca\\\/#website\"},\"primaryImageOfPage\":{\"@id\":\"https:\\\/\\\/ceramix.es\\\/ca\\\/producto\\\/roma-silvar\\\/#primaryimage\"},\"image\":{\"@id\":\"https:\\\/\\\/ceramix.es\\\/ca\\\/producto\\\/roma-silvar\\\/#primaryimage\"},\"thumbnailUrl\":\"https:\\\/\\\/ceramix.es\\\/wp-content\\\/uploads\\\/2026\\\/04\\\/Roma-silvar.webp\",\"datePublished\":\"2026-01-28T14:08:44+00:00\",\"dateModified\":\"2026-03-05T11:12:29+00:00\",\"description\":\"La s\u00e8rie Roma \u00e9s una rajola destinada al revestiment d'interiors i presenta un acabat mat. Ofereix un tacte sed\u00f3s, tons calmats i una f\u00e0cil col\u00b7locaci\u00f3. Aquesta col\u00b7lecci\u00f3 \u00e9s el m\u00e0xim exponent de la suavitat en cer\u00e0mica.\",\"breadcrumb\":{\"@id\":\"https:\\\/\\\/ceramix.es\\\/ca\\\/producto\\\/roma-silvar\\\/#breadcrumb\"},\"inLanguage\":\"ca\",\"potentialAction\":[{\"@type\":\"ReadAction\",\"target\":[\"https:\\\/\\\/ceramix.es\\\/ca\\\/producto\\\/roma-silvar\\\/\"]}]},{\"@type\":\"ImageObject\",\"inLanguage\":\"ca\",\"@id\":\"https:\\\/\\\/ceramix.es\\\/ca\\\/producto\\\/roma-silvar\\\/#primaryimage\",\"url\":\"https:\\\/\\\/ceramix.es\\\/wp-content\\\/uploads\\\/2026\\\/04\\\/Roma-silvar.webp\",\"contentUrl\":\"https:\\\/\\\/ceramix.es\\\/wp-content\\\/uploads\\\/2026\\\/04\\\/Roma-silvar.webp\",\"width\":2000,\"height\":1116},{\"@type\":\"BreadcrumbList\",\"@id\":\"https:\\\/\\\/ceramix.es\\\/ca\\\/producto\\\/roma-silvar\\\/#breadcrumb\",\"itemListElement\":[{\"@type\":\"ListItem\",\"position\":1,\"name\":\"Ceramix\",\"item\":\"https:\\\/\\\/ceramix.es\\\/ca\\\/ceramix\\\/\"},{\"@type\":\"ListItem\",\"position\":2,\"name\":\"Cat\u00e0leg de productes\",\"item\":\"https:\\\/\\\/ceramix.es\\\/ca\\\/cataleg-de-productes\\\/\"},{\"@type\":\"ListItem\",\"position\":3,\"name\":\"Revestiments\",\"item\":\"https:\\\/\\\/ceramix.es\\\/ca\\\/categoria-producto\\\/revestiments\\\/\"},{\"@type\":\"ListItem\",\"position\":4,\"name\":\"Roma Silvar\"}]},{\"@type\":\"WebSite\",\"@id\":\"https:\\\/\\\/ceramix.es\\\/ca\\\/#website\",\"url\":\"https:\\\/\\\/ceramix.es\\\/ca\\\/\",\"name\":\"Ceramix\",\"description\":\"Cat\u00e1logo y stocks de gres porcel\u00e1nico e interiorismo.\",\"publisher\":{\"@id\":\"https:\\\/\\\/ceramix.es\\\/ca\\\/#organization\"},\"potentialAction\":[{\"@type\":\"SearchAction\",\"target\":{\"@type\":\"EntryPoint\",\"urlTemplate\":\"https:\\\/\\\/ceramix.es\\\/ca\\\/?s={search_term_string}\"},\"query-input\":{\"@type\":\"PropertyValueSpecification\",\"valueRequired\":true,\"valueName\":\"search_term_string\"}}],\"inLanguage\":\"ca\"},{\"@type\":\"Organization\",\"@id\":\"https:\\\/\\\/ceramix.es\\\/ca\\\/#organization\",\"name\":\"Ceramix\",\"url\":\"https:\\\/\\\/ceramix.es\\\/ca\\\/\",\"logo\":{\"@type\":\"ImageObject\",\"inLanguage\":\"ca\",\"@id\":\"https:\\\/\\\/ceramix.es\\\/ca\\\/#\\\/schema\\\/logo\\\/image\\\/\",\"url\":\"https:\\\/\\\/ceramix.es\\\/wp-content\\\/uploads\\\/2025\\\/09\\\/logo-ceramix.png\",\"contentUrl\":\"https:\\\/\\\/ceramix.es\\\/wp-content\\\/uploads\\\/2025\\\/09\\\/logo-ceramix.png\",\"width\":1200,\"height\":336,\"caption\":\"Ceramix\"},\"image\":{\"@id\":\"https:\\\/\\\/ceramix.es\\\/ca\\\/#\\\/schema\\\/logo\\\/image\\\/\"},\"sameAs\":[\"https:\\\/\\\/www.facebook.com\\\/ceramix.sbd\",\"https:\\\/\\\/www.instagram.com\\\/ceramix.sbd\"]}]}<\/script>\n<!-- \/ Yoast SEO plugin. -->","yoast_head_json":{"title":"Roma Silvar - Ceramix","description":"La s\u00e8rie Roma \u00e9s una rajola destinada al revestiment d'interiors i presenta un acabat mat. Ofereix un tacte sed\u00f3s, tons calmats i una f\u00e0cil col\u00b7locaci\u00f3. Aquesta col\u00b7lecci\u00f3 \u00e9s el m\u00e0xim exponent de la suavitat en cer\u00e0mica.","robots":{"index":"index","follow":"follow","max-snippet":"max-snippet:-1","max-image-preview":"max-image-preview:large","max-video-preview":"max-video-preview:-1"},"canonical":"https:\/\/ceramix.es\/ca\/producto\/roma-silvar\/","og_locale":"ca_ES","og_type":"article","og_title":"Roma Silvar - Ceramix","og_description":"La s\u00e8rie Roma \u00e9s una rajola destinada al revestiment d'interiors i presenta un acabat mat. Ofereix un tacte sed\u00f3s, tons calmats i una f\u00e0cil col\u00b7locaci\u00f3. Aquesta col\u00b7lecci\u00f3 \u00e9s el m\u00e0xim exponent de la suavitat en cer\u00e0mica.","og_url":"https:\/\/ceramix.es\/ca\/producto\/roma-silvar\/","og_site_name":"Ceramix","article_publisher":"https:\/\/www.facebook.com\/ceramix.sbd","article_modified_time":"2026-03-05T11:12:29+00:00","og_image":[{"width":2000,"height":1500,"url":"https:\/\/ceramix.es\/wp-content\/uploads\/2026\/01\/ambiente.jpg","type":"image\/jpeg"}],"twitter_card":"summary_large_image","schema":{"@context":"https:\/\/schema.org","@graph":[{"@type":"WebPage","@id":"https:\/\/ceramix.es\/ca\/producto\/roma-silvar\/","url":"https:\/\/ceramix.es\/ca\/producto\/roma-silvar\/","name":"Roma Silvar - Ceramix","isPartOf":{"@id":"https:\/\/ceramix.es\/ca\/#website"},"primaryImageOfPage":{"@id":"https:\/\/ceramix.es\/ca\/producto\/roma-silvar\/#primaryimage"},"image":{"@id":"https:\/\/ceramix.es\/ca\/producto\/roma-silvar\/#primaryimage"},"thumbnailUrl":"https:\/\/ceramix.es\/wp-content\/uploads\/2026\/04\/Roma-silvar.webp","datePublished":"2026-01-28T14:08:44+00:00","dateModified":"2026-03-05T11:12:29+00:00","description":"La s\u00e8rie Roma \u00e9s una rajola destinada al revestiment d'interiors i presenta un acabat mat. Ofereix un tacte sed\u00f3s, tons calmats i una f\u00e0cil col\u00b7locaci\u00f3. Aquesta col\u00b7lecci\u00f3 \u00e9s el m\u00e0xim exponent de la suavitat en cer\u00e0mica.","breadcrumb":{"@id":"https:\/\/ceramix.es\/ca\/producto\/roma-silvar\/#breadcrumb"},"inLanguage":"ca","potentialAction":[{"@type":"ReadAction","target":["https:\/\/ceramix.es\/ca\/producto\/roma-silvar\/"]}]},{"@type":"ImageObject","inLanguage":"ca","@id":"https:\/\/ceramix.es\/ca\/producto\/roma-silvar\/#primaryimage","url":"https:\/\/ceramix.es\/wp-content\/uploads\/2026\/04\/Roma-silvar.webp","contentUrl":"https:\/\/ceramix.es\/wp-content\/uploads\/2026\/04\/Roma-silvar.webp","width":2000,"height":1116},{"@type":"BreadcrumbList","@id":"https:\/\/ceramix.es\/ca\/producto\/roma-silvar\/#breadcrumb","itemListElement":[{"@type":"ListItem","position":1,"name":"Ceramix","item":"https:\/\/ceramix.es\/ca\/ceramix\/"},{"@type":"ListItem","position":2,"name":"Cat\u00e0leg de productes","item":"https:\/\/ceramix.es\/ca\/cataleg-de-productes\/"},{"@type":"ListItem","position":3,"name":"Revestiments","item":"https:\/\/ceramix.es\/ca\/categoria-producto\/revestiments\/"},{"@type":"ListItem","position":4,"name":"Roma Silvar"}]},{"@type":"WebSite","@id":"https:\/\/ceramix.es\/ca\/#website","url":"https:\/\/ceramix.es\/ca\/","name":"Ceramix","description":"Cat\u00e1logo y stocks de gres porcel\u00e1nico e interiorismo.","publisher":{"@id":"https:\/\/ceramix.es\/ca\/#organization"},"potentialAction":[{"@type":"SearchAction","target":{"@type":"EntryPoint","urlTemplate":"https:\/\/ceramix.es\/ca\/?s={search_term_string}"},"query-input":{"@type":"PropertyValueSpecification","valueRequired":true,"valueName":"search_term_string"}}],"inLanguage":"ca"},{"@type":"Organization","@id":"https:\/\/ceramix.es\/ca\/#organization","name":"Ceramix","url":"https:\/\/ceramix.es\/ca\/","logo":{"@type":"ImageObject","inLanguage":"ca","@id":"https:\/\/ceramix.es\/ca\/#\/schema\/logo\/image\/","url":"https:\/\/ceramix.es\/wp-content\/uploads\/2025\/09\/logo-ceramix.png","contentUrl":"https:\/\/ceramix.es\/wp-content\/uploads\/2025\/09\/logo-ceramix.png","width":1200,"height":336,"caption":"Ceramix"},"image":{"@id":"https:\/\/ceramix.es\/ca\/#\/schema\/logo\/image\/"},"sameAs":["https:\/\/www.facebook.com\/ceramix.sbd","https:\/\/www.instagram.com\/ceramix.sbd"]}]}},"_links":{"self":[{"href":"https:\/\/ceramix.es\/ca\/wp-json\/wp\/v2\/product\/1930","targetHints":{"allow":["GET"]}}],"collection":[{"href":"https:\/\/ceramix.es\/ca\/wp-json\/wp\/v2\/product"}],"about":[{"href":"https:\/\/ceramix.es\/ca\/wp-json\/wp\/v2\/types\/product"}],"replies":[{"embeddable":true,"href":"https:\/\/ceramix.es\/ca\/wp-json\/wp\/v2\/comments?post=1930"}],"wp:featuredmedia":[{"embeddable":true,"href":"https:\/\/ceramix.es\/ca\/wp-json\/wp\/v2\/media\/3485"}],"wp:attachment":[{"href":"https:\/\/ceramix.es\/ca\/wp-json\/wp\/v2\/media?parent=1930"}],"wp:term":[{"taxonomy":"product_brand","embeddable":true,"href":"https:\/\/ceramix.es\/ca\/wp-json\/wp\/v2\/product_brand?post=1930"},{"taxonomy":"product_cat","embeddable":true,"href":"https:\/\/ceramix.es\/ca\/wp-json\/wp\/v2\/product_cat?post=1930"},{"taxonomy":"product_tag","embeddable":true,"href":"https:\/\/ceramix.es\/ca\/wp-json\/wp\/v2\/product_tag?post=1930"},{"taxonomy":"estilo-visual","embeddable":true,"href":"https:\/\/ceramix.es\/ca\/wp-json\/wp\/v2\/estilo-visual?post=1930"},{"taxonomy":"coleccion","embeddable":true,"href":"https:\/\/ceramix.es\/ca\/wp-json\/wp\/v2\/coleccion?post=1930"},{"taxonomy":"material","embeddable":true,"href":"https:\/\/ceramix.es\/ca\/wp-json\/wp\/v2\/material?post=1930"},{"taxonomy":"formato","embeddable":true,"href":"https:\/\/ceramix.es\/ca\/wp-json\/wp\/v2\/formato?post=1930"},{"taxonomy":"rectificado","embeddable":true,"href":"https:\/\/ceramix.es\/ca\/wp-json\/wp\/v2\/rectificado?post=1930"},{"taxonomy":"antideslizante","embeddable":true,"href":"https:\/\/ceramix.es\/ca\/wp-json\/wp\/v2\/antideslizante?post=1930"},{"taxonomy":"calidad","embeddable":true,"href":"https:\/\/ceramix.es\/ca\/wp-json\/wp\/v2\/calidad?post=1930"},{"taxonomy":"uso","embeddable":true,"href":"https:\/\/ceramix.es\/ca\/wp-json\/wp\/v2\/uso?post=1930"},{"taxonomy":"color","embeddable":true,"href":"https:\/\/ceramix.es\/ca\/wp-json\/wp\/v2\/color?post=1930"},{"taxonomy":"clasificacion","embeddable":true,"href":"https:\/\/ceramix.es\/ca\/wp-json\/wp\/v2\/clasificacion?post=1930"},{"taxonomy":"acabado","embeddable":true,"href":"https:\/\/ceramix.es\/ca\/wp-json\/wp\/v2\/acabado?post=1930"},{"taxonomy":"etiqueta-destacada","embeddable":true,"href":"https:\/\/ceramix.es\/ca\/wp-json\/wp\/v2\/etiqueta-destacada?post=1930"}],"curies":[{"name":"wp","href":"https:\/\/api.w.org\/{rel}","templated":true}]}}