{"id":1640,"date":"2025-12-24T11:37:05","date_gmt":"2025-12-24T10:37:05","guid":{"rendered":"https:\/\/ceramix.es\/producto\/ceppo\/"},"modified":"2026-03-11T12:49:11","modified_gmt":"2026-03-11T11:49:11","slug":"ceppo","status":"publish","type":"product","link":"https:\/\/ceramix.es\/ca\/producto\/ceppo\/","title":{"rendered":"Ceppo"},"content":{"rendered":"<p>El model Ceppo \u00e9s la reinterpretaci\u00f3 perfecta de la ic\u00f2nica pedra italiana Ceppo di Gr\u00e9. El seu disseny destaca per encapsular la robustesa i el car\u00e0cter s\u00f2lid de la pedra en una superf\u00edcie porcell\u00e0nica d&#8217;est\u00e8tica atemporal i distingida; l&#8217;opci\u00f3 ideal per a aquells que busquen sobrietat i naturalitat.<\/p>\n","protected":false},"excerpt":{"rendered":"<p>El model Ceppo \u00e9s la reinterpretaci\u00f3 perfecta de la ic\u00f2nica pedra italiana Ceppo di Gr\u00e9. El seu disseny destaca per encapsular la robustesa i el car\u00e0cter s\u00f2lid de la pedra en una superf\u00edcie porcell\u00e0nica d&#8217;est\u00e8tica atemporal i distingida; l&#8217;opci\u00f3 ideal per a aquells que busquen sobrietat i naturalitat.<\/p>\n","protected":false},"featured_media":1637,"comment_status":"open","ping_status":"closed","template":"","meta":[],"product_brand":[],"product_cat":[126,127],"product_tag":[],"estilo-visual":[170],"coleccion":[184],"material":[125],"formato":[29],"rectificado":[33],"antideslizante":[46],"calidad":[35],"uso":[129,128,130,131],"color":[288,316,317,270],"clasificacion":[118],"acabado":[117],"etiqueta-destacada":[167],"class_list":{"0":"post-1640","1":"product","2":"type-product","3":"status-publish","4":"has-post-thumbnail","6":"product_cat-paviments","7":"product_cat-revestiments","8":"estilo-visual-pedra","9":"coleccion-ceppo","10":"material-porcellanic","11":"formato-60x120","12":"rectificado-si","13":"antideslizante-r9","14":"calidad-1a","15":"uso-exterior","16":"uso-interior","17":"uso-paret","18":"uso-terra","19":"color-blanc-2","20":"color-bone","21":"color-graphite","22":"color-grey","23":"clasificacion-cataleg","24":"acabado-mate","25":"etiqueta-destacada-novetat","27":"first","28":"instock","29":"shipping-taxable","30":"purchasable","31":"product-type-variable"},"yoast_head":"<!-- This site is optimized with the Yoast SEO plugin v27.4 - https:\/\/yoast.com\/product\/yoast-seo-wordpress\/ -->\n<title>Ceppo - Ceramix<\/title>\n<meta name=\"description\" content=\"El model Ceppo \u00e9s la reinterpretaci\u00f3 perfecta de la ic\u00f2nica pedra italiana Ceppo di Gr\u00e9. El seu disseny destaca per encapsular la robustesa i el car\u00e0cter s\u00f2lid de la pedra en una superf\u00edcie porcell\u00e0nica d&#039;est\u00e8tica atemporal i distingida; l&#039;opci\u00f3 ideal per a aquells que busquen sobrietat i naturalitat.\" \/>\n<meta name=\"robots\" content=\"index, follow, max-snippet:-1, max-image-preview:large, max-video-preview:-1\" \/>\n<link rel=\"canonical\" href=\"https:\/\/ceramix.es\/ca\/producto\/ceppo\/\" \/>\n<meta property=\"og:locale\" content=\"ca_ES\" \/>\n<meta property=\"og:type\" content=\"article\" \/>\n<meta property=\"og:title\" content=\"Ceppo - Ceramix\" \/>\n<meta property=\"og:description\" content=\"El model Ceppo \u00e9s la reinterpretaci\u00f3 perfecta de la ic\u00f2nica pedra italiana Ceppo di Gr\u00e9. El seu disseny destaca per encapsular la robustesa i el car\u00e0cter s\u00f2lid de la pedra en una superf\u00edcie porcell\u00e0nica d&#039;est\u00e8tica atemporal i distingida; l&#039;opci\u00f3 ideal per a aquells que busquen sobrietat i naturalitat.\" \/>\n<meta property=\"og:url\" content=\"https:\/\/ceramix.es\/ca\/producto\/ceppo\/\" \/>\n<meta property=\"og:site_name\" content=\"Ceramix\" \/>\n<meta property=\"article:publisher\" content=\"https:\/\/www.facebook.com\/ceramix.sbd\" \/>\n<meta property=\"article:modified_time\" content=\"2026-03-11T11:49:11+00:00\" \/>\n<meta property=\"og:image\" content=\"https:\/\/ceramix.es\/wp-content\/uploads\/2025\/12\/ambiente-3.webp\" \/>\n\t<meta property=\"og:image:width\" content=\"2000\" \/>\n\t<meta property=\"og:image:height\" content=\"1500\" \/>\n\t<meta property=\"og:image:type\" content=\"image\/webp\" \/>\n<meta name=\"twitter:card\" content=\"summary_large_image\" \/>\n<script type=\"application\/ld+json\" class=\"yoast-schema-graph\">{\"@context\":\"https:\\\/\\\/schema.org\",\"@graph\":[{\"@type\":\"WebPage\",\"@id\":\"https:\\\/\\\/ceramix.es\\\/ca\\\/producto\\\/ceppo\\\/\",\"url\":\"https:\\\/\\\/ceramix.es\\\/ca\\\/producto\\\/ceppo\\\/\",\"name\":\"Ceppo - Ceramix\",\"isPartOf\":{\"@id\":\"https:\\\/\\\/ceramix.es\\\/ca\\\/#website\"},\"primaryImageOfPage\":{\"@id\":\"https:\\\/\\\/ceramix.es\\\/ca\\\/producto\\\/ceppo\\\/#primaryimage\"},\"image\":{\"@id\":\"https:\\\/\\\/ceramix.es\\\/ca\\\/producto\\\/ceppo\\\/#primaryimage\"},\"thumbnailUrl\":\"https:\\\/\\\/ceramix.es\\\/wp-content\\\/uploads\\\/2025\\\/12\\\/ambiente-3.webp\",\"datePublished\":\"2025-12-24T10:37:05+00:00\",\"dateModified\":\"2026-03-11T11:49:11+00:00\",\"description\":\"El model Ceppo \u00e9s la reinterpretaci\u00f3 perfecta de la ic\u00f2nica pedra italiana Ceppo di Gr\u00e9. El seu disseny destaca per encapsular la robustesa i el car\u00e0cter s\u00f2lid de la pedra en una superf\u00edcie porcell\u00e0nica d'est\u00e8tica atemporal i distingida; l'opci\u00f3 ideal per a aquells que busquen sobrietat i naturalitat.\",\"breadcrumb\":{\"@id\":\"https:\\\/\\\/ceramix.es\\\/ca\\\/producto\\\/ceppo\\\/#breadcrumb\"},\"inLanguage\":\"ca\",\"potentialAction\":[{\"@type\":\"ReadAction\",\"target\":[\"https:\\\/\\\/ceramix.es\\\/ca\\\/producto\\\/ceppo\\\/\"]}]},{\"@type\":\"ImageObject\",\"inLanguage\":\"ca\",\"@id\":\"https:\\\/\\\/ceramix.es\\\/ca\\\/producto\\\/ceppo\\\/#primaryimage\",\"url\":\"https:\\\/\\\/ceramix.es\\\/wp-content\\\/uploads\\\/2025\\\/12\\\/ambiente-3.webp\",\"contentUrl\":\"https:\\\/\\\/ceramix.es\\\/wp-content\\\/uploads\\\/2025\\\/12\\\/ambiente-3.webp\",\"width\":2000,\"height\":1500},{\"@type\":\"BreadcrumbList\",\"@id\":\"https:\\\/\\\/ceramix.es\\\/ca\\\/producto\\\/ceppo\\\/#breadcrumb\",\"itemListElement\":[{\"@type\":\"ListItem\",\"position\":1,\"name\":\"Ceramix\",\"item\":\"https:\\\/\\\/ceramix.es\\\/ca\\\/ceramix\\\/\"},{\"@type\":\"ListItem\",\"position\":2,\"name\":\"Cat\u00e0leg de productes\",\"item\":\"https:\\\/\\\/ceramix.es\\\/ca\\\/cataleg-de-productes\\\/\"},{\"@type\":\"ListItem\",\"position\":3,\"name\":\"Paviments\",\"item\":\"https:\\\/\\\/ceramix.es\\\/ca\\\/categoria-producto\\\/paviments\\\/\"},{\"@type\":\"ListItem\",\"position\":4,\"name\":\"Ceppo\"}]},{\"@type\":\"WebSite\",\"@id\":\"https:\\\/\\\/ceramix.es\\\/ca\\\/#website\",\"url\":\"https:\\\/\\\/ceramix.es\\\/ca\\\/\",\"name\":\"Ceramix\",\"description\":\"Cat\u00e1logo y stocks de gres porcel\u00e1nico e interiorismo.\",\"publisher\":{\"@id\":\"https:\\\/\\\/ceramix.es\\\/ca\\\/#organization\"},\"potentialAction\":[{\"@type\":\"SearchAction\",\"target\":{\"@type\":\"EntryPoint\",\"urlTemplate\":\"https:\\\/\\\/ceramix.es\\\/ca\\\/?s={search_term_string}\"},\"query-input\":{\"@type\":\"PropertyValueSpecification\",\"valueRequired\":true,\"valueName\":\"search_term_string\"}}],\"inLanguage\":\"ca\"},{\"@type\":\"Organization\",\"@id\":\"https:\\\/\\\/ceramix.es\\\/ca\\\/#organization\",\"name\":\"Ceramix\",\"url\":\"https:\\\/\\\/ceramix.es\\\/ca\\\/\",\"logo\":{\"@type\":\"ImageObject\",\"inLanguage\":\"ca\",\"@id\":\"https:\\\/\\\/ceramix.es\\\/ca\\\/#\\\/schema\\\/logo\\\/image\\\/\",\"url\":\"https:\\\/\\\/ceramix.es\\\/wp-content\\\/uploads\\\/2025\\\/09\\\/logo-ceramix.png\",\"contentUrl\":\"https:\\\/\\\/ceramix.es\\\/wp-content\\\/uploads\\\/2025\\\/09\\\/logo-ceramix.png\",\"width\":1200,\"height\":336,\"caption\":\"Ceramix\"},\"image\":{\"@id\":\"https:\\\/\\\/ceramix.es\\\/ca\\\/#\\\/schema\\\/logo\\\/image\\\/\"},\"sameAs\":[\"https:\\\/\\\/www.facebook.com\\\/ceramix.sbd\",\"https:\\\/\\\/www.instagram.com\\\/ceramix.sbd\"]}]}<\/script>\n<!-- \/ Yoast SEO plugin. -->","yoast_head_json":{"title":"Ceppo - Ceramix","description":"El model Ceppo \u00e9s la reinterpretaci\u00f3 perfecta de la ic\u00f2nica pedra italiana Ceppo di Gr\u00e9. El seu disseny destaca per encapsular la robustesa i el car\u00e0cter s\u00f2lid de la pedra en una superf\u00edcie porcell\u00e0nica d'est\u00e8tica atemporal i distingida; l'opci\u00f3 ideal per a aquells que busquen sobrietat i naturalitat.","robots":{"index":"index","follow":"follow","max-snippet":"max-snippet:-1","max-image-preview":"max-image-preview:large","max-video-preview":"max-video-preview:-1"},"canonical":"https:\/\/ceramix.es\/ca\/producto\/ceppo\/","og_locale":"ca_ES","og_type":"article","og_title":"Ceppo - Ceramix","og_description":"El model Ceppo \u00e9s la reinterpretaci\u00f3 perfecta de la ic\u00f2nica pedra italiana Ceppo di Gr\u00e9. El seu disseny destaca per encapsular la robustesa i el car\u00e0cter s\u00f2lid de la pedra en una superf\u00edcie porcell\u00e0nica d'est\u00e8tica atemporal i distingida; l'opci\u00f3 ideal per a aquells que busquen sobrietat i naturalitat.","og_url":"https:\/\/ceramix.es\/ca\/producto\/ceppo\/","og_site_name":"Ceramix","article_publisher":"https:\/\/www.facebook.com\/ceramix.sbd","article_modified_time":"2026-03-11T11:49:11+00:00","og_image":[{"width":2000,"height":1500,"url":"https:\/\/ceramix.es\/wp-content\/uploads\/2025\/12\/ambiente-3.webp","type":"image\/webp"}],"twitter_card":"summary_large_image","schema":{"@context":"https:\/\/schema.org","@graph":[{"@type":"WebPage","@id":"https:\/\/ceramix.es\/ca\/producto\/ceppo\/","url":"https:\/\/ceramix.es\/ca\/producto\/ceppo\/","name":"Ceppo - Ceramix","isPartOf":{"@id":"https:\/\/ceramix.es\/ca\/#website"},"primaryImageOfPage":{"@id":"https:\/\/ceramix.es\/ca\/producto\/ceppo\/#primaryimage"},"image":{"@id":"https:\/\/ceramix.es\/ca\/producto\/ceppo\/#primaryimage"},"thumbnailUrl":"https:\/\/ceramix.es\/wp-content\/uploads\/2025\/12\/ambiente-3.webp","datePublished":"2025-12-24T10:37:05+00:00","dateModified":"2026-03-11T11:49:11+00:00","description":"El model Ceppo \u00e9s la reinterpretaci\u00f3 perfecta de la ic\u00f2nica pedra italiana Ceppo di Gr\u00e9. El seu disseny destaca per encapsular la robustesa i el car\u00e0cter s\u00f2lid de la pedra en una superf\u00edcie porcell\u00e0nica d'est\u00e8tica atemporal i distingida; l'opci\u00f3 ideal per a aquells que busquen sobrietat i naturalitat.","breadcrumb":{"@id":"https:\/\/ceramix.es\/ca\/producto\/ceppo\/#breadcrumb"},"inLanguage":"ca","potentialAction":[{"@type":"ReadAction","target":["https:\/\/ceramix.es\/ca\/producto\/ceppo\/"]}]},{"@type":"ImageObject","inLanguage":"ca","@id":"https:\/\/ceramix.es\/ca\/producto\/ceppo\/#primaryimage","url":"https:\/\/ceramix.es\/wp-content\/uploads\/2025\/12\/ambiente-3.webp","contentUrl":"https:\/\/ceramix.es\/wp-content\/uploads\/2025\/12\/ambiente-3.webp","width":2000,"height":1500},{"@type":"BreadcrumbList","@id":"https:\/\/ceramix.es\/ca\/producto\/ceppo\/#breadcrumb","itemListElement":[{"@type":"ListItem","position":1,"name":"Ceramix","item":"https:\/\/ceramix.es\/ca\/ceramix\/"},{"@type":"ListItem","position":2,"name":"Cat\u00e0leg de productes","item":"https:\/\/ceramix.es\/ca\/cataleg-de-productes\/"},{"@type":"ListItem","position":3,"name":"Paviments","item":"https:\/\/ceramix.es\/ca\/categoria-producto\/paviments\/"},{"@type":"ListItem","position":4,"name":"Ceppo"}]},{"@type":"WebSite","@id":"https:\/\/ceramix.es\/ca\/#website","url":"https:\/\/ceramix.es\/ca\/","name":"Ceramix","description":"Cat\u00e1logo y stocks de gres porcel\u00e1nico e interiorismo.","publisher":{"@id":"https:\/\/ceramix.es\/ca\/#organization"},"potentialAction":[{"@type":"SearchAction","target":{"@type":"EntryPoint","urlTemplate":"https:\/\/ceramix.es\/ca\/?s={search_term_string}"},"query-input":{"@type":"PropertyValueSpecification","valueRequired":true,"valueName":"search_term_string"}}],"inLanguage":"ca"},{"@type":"Organization","@id":"https:\/\/ceramix.es\/ca\/#organization","name":"Ceramix","url":"https:\/\/ceramix.es\/ca\/","logo":{"@type":"ImageObject","inLanguage":"ca","@id":"https:\/\/ceramix.es\/ca\/#\/schema\/logo\/image\/","url":"https:\/\/ceramix.es\/wp-content\/uploads\/2025\/09\/logo-ceramix.png","contentUrl":"https:\/\/ceramix.es\/wp-content\/uploads\/2025\/09\/logo-ceramix.png","width":1200,"height":336,"caption":"Ceramix"},"image":{"@id":"https:\/\/ceramix.es\/ca\/#\/schema\/logo\/image\/"},"sameAs":["https:\/\/www.facebook.com\/ceramix.sbd","https:\/\/www.instagram.com\/ceramix.sbd"]}]}},"_links":{"self":[{"href":"https:\/\/ceramix.es\/ca\/wp-json\/wp\/v2\/product\/1640","targetHints":{"allow":["GET"]}}],"collection":[{"href":"https:\/\/ceramix.es\/ca\/wp-json\/wp\/v2\/product"}],"about":[{"href":"https:\/\/ceramix.es\/ca\/wp-json\/wp\/v2\/types\/product"}],"replies":[{"embeddable":true,"href":"https:\/\/ceramix.es\/ca\/wp-json\/wp\/v2\/comments?post=1640"}],"wp:featuredmedia":[{"embeddable":true,"href":"https:\/\/ceramix.es\/ca\/wp-json\/wp\/v2\/media\/1637"}],"wp:attachment":[{"href":"https:\/\/ceramix.es\/ca\/wp-json\/wp\/v2\/media?parent=1640"}],"wp:term":[{"taxonomy":"product_brand","embeddable":true,"href":"https:\/\/ceramix.es\/ca\/wp-json\/wp\/v2\/product_brand?post=1640"},{"taxonomy":"product_cat","embeddable":true,"href":"https:\/\/ceramix.es\/ca\/wp-json\/wp\/v2\/product_cat?post=1640"},{"taxonomy":"product_tag","embeddable":true,"href":"https:\/\/ceramix.es\/ca\/wp-json\/wp\/v2\/product_tag?post=1640"},{"taxonomy":"estilo-visual","embeddable":true,"href":"https:\/\/ceramix.es\/ca\/wp-json\/wp\/v2\/estilo-visual?post=1640"},{"taxonomy":"coleccion","embeddable":true,"href":"https:\/\/ceramix.es\/ca\/wp-json\/wp\/v2\/coleccion?post=1640"},{"taxonomy":"material","embeddable":true,"href":"https:\/\/ceramix.es\/ca\/wp-json\/wp\/v2\/material?post=1640"},{"taxonomy":"formato","embeddable":true,"href":"https:\/\/ceramix.es\/ca\/wp-json\/wp\/v2\/formato?post=1640"},{"taxonomy":"rectificado","embeddable":true,"href":"https:\/\/ceramix.es\/ca\/wp-json\/wp\/v2\/rectificado?post=1640"},{"taxonomy":"antideslizante","embeddable":true,"href":"https:\/\/ceramix.es\/ca\/wp-json\/wp\/v2\/antideslizante?post=1640"},{"taxonomy":"calidad","embeddable":true,"href":"https:\/\/ceramix.es\/ca\/wp-json\/wp\/v2\/calidad?post=1640"},{"taxonomy":"uso","embeddable":true,"href":"https:\/\/ceramix.es\/ca\/wp-json\/wp\/v2\/uso?post=1640"},{"taxonomy":"color","embeddable":true,"href":"https:\/\/ceramix.es\/ca\/wp-json\/wp\/v2\/color?post=1640"},{"taxonomy":"clasificacion","embeddable":true,"href":"https:\/\/ceramix.es\/ca\/wp-json\/wp\/v2\/clasificacion?post=1640"},{"taxonomy":"acabado","embeddable":true,"href":"https:\/\/ceramix.es\/ca\/wp-json\/wp\/v2\/acabado?post=1640"},{"taxonomy":"etiqueta-destacada","embeddable":true,"href":"https:\/\/ceramix.es\/ca\/wp-json\/wp\/v2\/etiqueta-destacada?post=1640"}],"curies":[{"name":"wp","href":"https:\/\/api.w.org\/{rel}","templated":true}]}}