{"id":1572,"date":"2025-12-24T11:54:53","date_gmt":"2025-12-24T10:54:53","guid":{"rendered":"https:\/\/ceramix.es\/producto\/alpha-grey\/"},"modified":"2026-03-11T12:32:36","modified_gmt":"2026-03-11T11:32:36","slug":"alpha-grey","status":"publish","type":"product","link":"https:\/\/ceramix.es\/ca\/producto\/alpha-grey\/","title":{"rendered":"Alpha Grey"},"content":{"rendered":"<p>El Alpha Grey \u00e9s una oda a la sofisticaci\u00f3. Pertanyent a la nostra selecta gamma de marbres, aquest material destaca per capturar l&#8217;ess\u00e8ncia de la pedra noble amb un disseny que sembla estar en moviment continu. La seva superf\u00edcie delicada equilibra una pres\u00e8ncia imponent amb una suntuositat que atrapa la llum; un recurs que aporta amplitud i un toc de distinci\u00f3 atemporal a qualsevol estan\u00e7a.<\/p>\n","protected":false},"excerpt":{"rendered":"<p>El Alpha Grey \u00e9s una oda a la sofisticaci\u00f3. Pertanyent a la nostra selecta gamma de marbres, aquest material destaca per capturar l&#8217;ess\u00e8ncia de la pedra noble amb un disseny que sembla estar en moviment continu. La seva superf\u00edcie delicada equilibra una pres\u00e8ncia imponent amb una suntuositat que atrapa la llum; un recurs que aporta amplitud i un toc de distinci\u00f3 atemporal a qualsevol estan\u00e7a.<\/p>\n","protected":false},"featured_media":1570,"comment_status":"open","ping_status":"closed","template":"","meta":[],"product_brand":[],"product_cat":[126,127],"product_tag":[],"estilo-visual":[147],"coleccion":[163],"material":[125],"formato":[28,29],"rectificado":[33],"antideslizante":[214],"calidad":[35],"uso":[129,128,130,131],"color":[270],"clasificacion":[118],"acabado":[144],"etiqueta-destacada":[],"class_list":{"0":"post-1572","1":"product","2":"type-product","3":"status-publish","4":"has-post-thumbnail","6":"product_cat-paviments","7":"product_cat-revestiments","8":"estilo-visual-marbre","9":"coleccion-alpha-grey","10":"material-porcellanic","11":"formato-60x60","12":"formato-60x120","13":"rectificado-si","14":"antideslizante-no","15":"calidad-1a","16":"uso-exterior","17":"uso-interior","18":"uso-paret","19":"uso-terra","20":"color-grey","21":"clasificacion-cataleg","22":"acabado-polit","24":"first","25":"instock","26":"shipping-taxable","27":"purchasable","28":"product-type-variable"},"yoast_head":"<!-- This site is optimized with the Yoast SEO plugin v27.4 - https:\/\/yoast.com\/product\/yoast-seo-wordpress\/ -->\n<title>Alpha Grey - Ceramix<\/title>\n<meta name=\"description\" content=\"El Alpha Grey \u00e9s una oda a la sofisticaci\u00f3. Pertanyent a la nostra selecta gamma de marbres, aquest material destaca per capturar l&#039;ess\u00e8ncia de la pedra noble amb un disseny que sembla estar en moviment continu. La seva superf\u00edcie delicada equilibra una pres\u00e8ncia imponent amb una suntuositat que atrapa la llum; un recurs que aporta amplitud i un toc de distinci\u00f3 atemporal a qualsevol estan\u00e7a.\" \/>\n<meta name=\"robots\" content=\"index, follow, max-snippet:-1, max-image-preview:large, max-video-preview:-1\" \/>\n<link rel=\"canonical\" href=\"https:\/\/ceramix.es\/ca\/producto\/alpha-grey\/\" \/>\n<meta property=\"og:locale\" content=\"ca_ES\" \/>\n<meta property=\"og:type\" content=\"article\" \/>\n<meta property=\"og:title\" content=\"Alpha Grey - Ceramix\" \/>\n<meta property=\"og:description\" content=\"El Alpha Grey \u00e9s una oda a la sofisticaci\u00f3. Pertanyent a la nostra selecta gamma de marbres, aquest material destaca per capturar l&#039;ess\u00e8ncia de la pedra noble amb un disseny que sembla estar en moviment continu. La seva superf\u00edcie delicada equilibra una pres\u00e8ncia imponent amb una suntuositat que atrapa la llum; un recurs que aporta amplitud i un toc de distinci\u00f3 atemporal a qualsevol estan\u00e7a.\" \/>\n<meta property=\"og:url\" content=\"https:\/\/ceramix.es\/ca\/producto\/alpha-grey\/\" \/>\n<meta property=\"og:site_name\" content=\"Ceramix\" \/>\n<meta property=\"article:publisher\" content=\"https:\/\/www.facebook.com\/ceramix.sbd\" \/>\n<meta property=\"article:modified_time\" content=\"2026-03-11T11:32:36+00:00\" \/>\n<meta property=\"og:image\" content=\"https:\/\/ceramix.es\/wp-content\/uploads\/2025\/12\/ambiente-10.webp\" \/>\n\t<meta property=\"og:image:width\" content=\"1920\" \/>\n\t<meta property=\"og:image:height\" content=\"1344\" \/>\n\t<meta property=\"og:image:type\" content=\"image\/webp\" \/>\n<meta name=\"twitter:card\" content=\"summary_large_image\" \/>\n<script type=\"application\/ld+json\" class=\"yoast-schema-graph\">{\"@context\":\"https:\\\/\\\/schema.org\",\"@graph\":[{\"@type\":\"WebPage\",\"@id\":\"https:\\\/\\\/ceramix.es\\\/ca\\\/producto\\\/alpha-grey\\\/\",\"url\":\"https:\\\/\\\/ceramix.es\\\/ca\\\/producto\\\/alpha-grey\\\/\",\"name\":\"Alpha Grey - Ceramix\",\"isPartOf\":{\"@id\":\"https:\\\/\\\/ceramix.es\\\/ca\\\/#website\"},\"primaryImageOfPage\":{\"@id\":\"https:\\\/\\\/ceramix.es\\\/ca\\\/producto\\\/alpha-grey\\\/#primaryimage\"},\"image\":{\"@id\":\"https:\\\/\\\/ceramix.es\\\/ca\\\/producto\\\/alpha-grey\\\/#primaryimage\"},\"thumbnailUrl\":\"https:\\\/\\\/ceramix.es\\\/wp-content\\\/uploads\\\/2025\\\/12\\\/ambiente-10.webp\",\"datePublished\":\"2025-12-24T10:54:53+00:00\",\"dateModified\":\"2026-03-11T11:32:36+00:00\",\"description\":\"El Alpha Grey \u00e9s una oda a la sofisticaci\u00f3. Pertanyent a la nostra selecta gamma de marbres, aquest material destaca per capturar l'ess\u00e8ncia de la pedra noble amb un disseny que sembla estar en moviment continu. La seva superf\u00edcie delicada equilibra una pres\u00e8ncia imponent amb una suntuositat que atrapa la llum; un recurs que aporta amplitud i un toc de distinci\u00f3 atemporal a qualsevol estan\u00e7a.\",\"breadcrumb\":{\"@id\":\"https:\\\/\\\/ceramix.es\\\/ca\\\/producto\\\/alpha-grey\\\/#breadcrumb\"},\"inLanguage\":\"ca\",\"potentialAction\":[{\"@type\":\"ReadAction\",\"target\":[\"https:\\\/\\\/ceramix.es\\\/ca\\\/producto\\\/alpha-grey\\\/\"]}]},{\"@type\":\"ImageObject\",\"inLanguage\":\"ca\",\"@id\":\"https:\\\/\\\/ceramix.es\\\/ca\\\/producto\\\/alpha-grey\\\/#primaryimage\",\"url\":\"https:\\\/\\\/ceramix.es\\\/wp-content\\\/uploads\\\/2025\\\/12\\\/ambiente-10.webp\",\"contentUrl\":\"https:\\\/\\\/ceramix.es\\\/wp-content\\\/uploads\\\/2025\\\/12\\\/ambiente-10.webp\",\"width\":1920,\"height\":1344},{\"@type\":\"BreadcrumbList\",\"@id\":\"https:\\\/\\\/ceramix.es\\\/ca\\\/producto\\\/alpha-grey\\\/#breadcrumb\",\"itemListElement\":[{\"@type\":\"ListItem\",\"position\":1,\"name\":\"Ceramix\",\"item\":\"https:\\\/\\\/ceramix.es\\\/ca\\\/ceramix\\\/\"},{\"@type\":\"ListItem\",\"position\":2,\"name\":\"Cat\u00e0leg de productes\",\"item\":\"https:\\\/\\\/ceramix.es\\\/ca\\\/cataleg-de-productes\\\/\"},{\"@type\":\"ListItem\",\"position\":3,\"name\":\"Paviments\",\"item\":\"https:\\\/\\\/ceramix.es\\\/ca\\\/categoria-producto\\\/paviments\\\/\"},{\"@type\":\"ListItem\",\"position\":4,\"name\":\"Alpha Grey\"}]},{\"@type\":\"WebSite\",\"@id\":\"https:\\\/\\\/ceramix.es\\\/ca\\\/#website\",\"url\":\"https:\\\/\\\/ceramix.es\\\/ca\\\/\",\"name\":\"Ceramix\",\"description\":\"Cat\u00e1logo y stocks de gres porcel\u00e1nico e interiorismo.\",\"publisher\":{\"@id\":\"https:\\\/\\\/ceramix.es\\\/ca\\\/#organization\"},\"potentialAction\":[{\"@type\":\"SearchAction\",\"target\":{\"@type\":\"EntryPoint\",\"urlTemplate\":\"https:\\\/\\\/ceramix.es\\\/ca\\\/?s={search_term_string}\"},\"query-input\":{\"@type\":\"PropertyValueSpecification\",\"valueRequired\":true,\"valueName\":\"search_term_string\"}}],\"inLanguage\":\"ca\"},{\"@type\":\"Organization\",\"@id\":\"https:\\\/\\\/ceramix.es\\\/ca\\\/#organization\",\"name\":\"Ceramix\",\"url\":\"https:\\\/\\\/ceramix.es\\\/ca\\\/\",\"logo\":{\"@type\":\"ImageObject\",\"inLanguage\":\"ca\",\"@id\":\"https:\\\/\\\/ceramix.es\\\/ca\\\/#\\\/schema\\\/logo\\\/image\\\/\",\"url\":\"https:\\\/\\\/ceramix.es\\\/wp-content\\\/uploads\\\/2025\\\/09\\\/logo-ceramix.png\",\"contentUrl\":\"https:\\\/\\\/ceramix.es\\\/wp-content\\\/uploads\\\/2025\\\/09\\\/logo-ceramix.png\",\"width\":1200,\"height\":336,\"caption\":\"Ceramix\"},\"image\":{\"@id\":\"https:\\\/\\\/ceramix.es\\\/ca\\\/#\\\/schema\\\/logo\\\/image\\\/\"},\"sameAs\":[\"https:\\\/\\\/www.facebook.com\\\/ceramix.sbd\",\"https:\\\/\\\/www.instagram.com\\\/ceramix.sbd\"]}]}<\/script>\n<!-- \/ Yoast SEO plugin. -->","yoast_head_json":{"title":"Alpha Grey - Ceramix","description":"El Alpha Grey \u00e9s una oda a la sofisticaci\u00f3. Pertanyent a la nostra selecta gamma de marbres, aquest material destaca per capturar l'ess\u00e8ncia de la pedra noble amb un disseny que sembla estar en moviment continu. La seva superf\u00edcie delicada equilibra una pres\u00e8ncia imponent amb una suntuositat que atrapa la llum; un recurs que aporta amplitud i un toc de distinci\u00f3 atemporal a qualsevol estan\u00e7a.","robots":{"index":"index","follow":"follow","max-snippet":"max-snippet:-1","max-image-preview":"max-image-preview:large","max-video-preview":"max-video-preview:-1"},"canonical":"https:\/\/ceramix.es\/ca\/producto\/alpha-grey\/","og_locale":"ca_ES","og_type":"article","og_title":"Alpha Grey - Ceramix","og_description":"El Alpha Grey \u00e9s una oda a la sofisticaci\u00f3. Pertanyent a la nostra selecta gamma de marbres, aquest material destaca per capturar l'ess\u00e8ncia de la pedra noble amb un disseny que sembla estar en moviment continu. La seva superf\u00edcie delicada equilibra una pres\u00e8ncia imponent amb una suntuositat que atrapa la llum; un recurs que aporta amplitud i un toc de distinci\u00f3 atemporal a qualsevol estan\u00e7a.","og_url":"https:\/\/ceramix.es\/ca\/producto\/alpha-grey\/","og_site_name":"Ceramix","article_publisher":"https:\/\/www.facebook.com\/ceramix.sbd","article_modified_time":"2026-03-11T11:32:36+00:00","og_image":[{"width":1920,"height":1344,"url":"https:\/\/ceramix.es\/wp-content\/uploads\/2025\/12\/ambiente-10.webp","type":"image\/webp"}],"twitter_card":"summary_large_image","schema":{"@context":"https:\/\/schema.org","@graph":[{"@type":"WebPage","@id":"https:\/\/ceramix.es\/ca\/producto\/alpha-grey\/","url":"https:\/\/ceramix.es\/ca\/producto\/alpha-grey\/","name":"Alpha Grey - Ceramix","isPartOf":{"@id":"https:\/\/ceramix.es\/ca\/#website"},"primaryImageOfPage":{"@id":"https:\/\/ceramix.es\/ca\/producto\/alpha-grey\/#primaryimage"},"image":{"@id":"https:\/\/ceramix.es\/ca\/producto\/alpha-grey\/#primaryimage"},"thumbnailUrl":"https:\/\/ceramix.es\/wp-content\/uploads\/2025\/12\/ambiente-10.webp","datePublished":"2025-12-24T10:54:53+00:00","dateModified":"2026-03-11T11:32:36+00:00","description":"El Alpha Grey \u00e9s una oda a la sofisticaci\u00f3. Pertanyent a la nostra selecta gamma de marbres, aquest material destaca per capturar l'ess\u00e8ncia de la pedra noble amb un disseny que sembla estar en moviment continu. La seva superf\u00edcie delicada equilibra una pres\u00e8ncia imponent amb una suntuositat que atrapa la llum; un recurs que aporta amplitud i un toc de distinci\u00f3 atemporal a qualsevol estan\u00e7a.","breadcrumb":{"@id":"https:\/\/ceramix.es\/ca\/producto\/alpha-grey\/#breadcrumb"},"inLanguage":"ca","potentialAction":[{"@type":"ReadAction","target":["https:\/\/ceramix.es\/ca\/producto\/alpha-grey\/"]}]},{"@type":"ImageObject","inLanguage":"ca","@id":"https:\/\/ceramix.es\/ca\/producto\/alpha-grey\/#primaryimage","url":"https:\/\/ceramix.es\/wp-content\/uploads\/2025\/12\/ambiente-10.webp","contentUrl":"https:\/\/ceramix.es\/wp-content\/uploads\/2025\/12\/ambiente-10.webp","width":1920,"height":1344},{"@type":"BreadcrumbList","@id":"https:\/\/ceramix.es\/ca\/producto\/alpha-grey\/#breadcrumb","itemListElement":[{"@type":"ListItem","position":1,"name":"Ceramix","item":"https:\/\/ceramix.es\/ca\/ceramix\/"},{"@type":"ListItem","position":2,"name":"Cat\u00e0leg de productes","item":"https:\/\/ceramix.es\/ca\/cataleg-de-productes\/"},{"@type":"ListItem","position":3,"name":"Paviments","item":"https:\/\/ceramix.es\/ca\/categoria-producto\/paviments\/"},{"@type":"ListItem","position":4,"name":"Alpha Grey"}]},{"@type":"WebSite","@id":"https:\/\/ceramix.es\/ca\/#website","url":"https:\/\/ceramix.es\/ca\/","name":"Ceramix","description":"Cat\u00e1logo y stocks de gres porcel\u00e1nico e interiorismo.","publisher":{"@id":"https:\/\/ceramix.es\/ca\/#organization"},"potentialAction":[{"@type":"SearchAction","target":{"@type":"EntryPoint","urlTemplate":"https:\/\/ceramix.es\/ca\/?s={search_term_string}"},"query-input":{"@type":"PropertyValueSpecification","valueRequired":true,"valueName":"search_term_string"}}],"inLanguage":"ca"},{"@type":"Organization","@id":"https:\/\/ceramix.es\/ca\/#organization","name":"Ceramix","url":"https:\/\/ceramix.es\/ca\/","logo":{"@type":"ImageObject","inLanguage":"ca","@id":"https:\/\/ceramix.es\/ca\/#\/schema\/logo\/image\/","url":"https:\/\/ceramix.es\/wp-content\/uploads\/2025\/09\/logo-ceramix.png","contentUrl":"https:\/\/ceramix.es\/wp-content\/uploads\/2025\/09\/logo-ceramix.png","width":1200,"height":336,"caption":"Ceramix"},"image":{"@id":"https:\/\/ceramix.es\/ca\/#\/schema\/logo\/image\/"},"sameAs":["https:\/\/www.facebook.com\/ceramix.sbd","https:\/\/www.instagram.com\/ceramix.sbd"]}]}},"_links":{"self":[{"href":"https:\/\/ceramix.es\/ca\/wp-json\/wp\/v2\/product\/1572","targetHints":{"allow":["GET"]}}],"collection":[{"href":"https:\/\/ceramix.es\/ca\/wp-json\/wp\/v2\/product"}],"about":[{"href":"https:\/\/ceramix.es\/ca\/wp-json\/wp\/v2\/types\/product"}],"replies":[{"embeddable":true,"href":"https:\/\/ceramix.es\/ca\/wp-json\/wp\/v2\/comments?post=1572"}],"wp:featuredmedia":[{"embeddable":true,"href":"https:\/\/ceramix.es\/ca\/wp-json\/wp\/v2\/media\/1570"}],"wp:attachment":[{"href":"https:\/\/ceramix.es\/ca\/wp-json\/wp\/v2\/media?parent=1572"}],"wp:term":[{"taxonomy":"product_brand","embeddable":true,"href":"https:\/\/ceramix.es\/ca\/wp-json\/wp\/v2\/product_brand?post=1572"},{"taxonomy":"product_cat","embeddable":true,"href":"https:\/\/ceramix.es\/ca\/wp-json\/wp\/v2\/product_cat?post=1572"},{"taxonomy":"product_tag","embeddable":true,"href":"https:\/\/ceramix.es\/ca\/wp-json\/wp\/v2\/product_tag?post=1572"},{"taxonomy":"estilo-visual","embeddable":true,"href":"https:\/\/ceramix.es\/ca\/wp-json\/wp\/v2\/estilo-visual?post=1572"},{"taxonomy":"coleccion","embeddable":true,"href":"https:\/\/ceramix.es\/ca\/wp-json\/wp\/v2\/coleccion?post=1572"},{"taxonomy":"material","embeddable":true,"href":"https:\/\/ceramix.es\/ca\/wp-json\/wp\/v2\/material?post=1572"},{"taxonomy":"formato","embeddable":true,"href":"https:\/\/ceramix.es\/ca\/wp-json\/wp\/v2\/formato?post=1572"},{"taxonomy":"rectificado","embeddable":true,"href":"https:\/\/ceramix.es\/ca\/wp-json\/wp\/v2\/rectificado?post=1572"},{"taxonomy":"antideslizante","embeddable":true,"href":"https:\/\/ceramix.es\/ca\/wp-json\/wp\/v2\/antideslizante?post=1572"},{"taxonomy":"calidad","embeddable":true,"href":"https:\/\/ceramix.es\/ca\/wp-json\/wp\/v2\/calidad?post=1572"},{"taxonomy":"uso","embeddable":true,"href":"https:\/\/ceramix.es\/ca\/wp-json\/wp\/v2\/uso?post=1572"},{"taxonomy":"color","embeddable":true,"href":"https:\/\/ceramix.es\/ca\/wp-json\/wp\/v2\/color?post=1572"},{"taxonomy":"clasificacion","embeddable":true,"href":"https:\/\/ceramix.es\/ca\/wp-json\/wp\/v2\/clasificacion?post=1572"},{"taxonomy":"acabado","embeddable":true,"href":"https:\/\/ceramix.es\/ca\/wp-json\/wp\/v2\/acabado?post=1572"},{"taxonomy":"etiqueta-destacada","embeddable":true,"href":"https:\/\/ceramix.es\/ca\/wp-json\/wp\/v2\/etiqueta-destacada?post=1572"}],"curies":[{"name":"wp","href":"https:\/\/api.w.org\/{rel}","templated":true}]}}