{"id":1569,"date":"2025-12-24T11:56:37","date_gmt":"2025-12-24T10:56:37","guid":{"rendered":"https:\/\/ceramix.es\/producto\/aral\/"},"modified":"2026-04-23T14:52:48","modified_gmt":"2026-04-23T12:52:48","slug":"aral","status":"publish","type":"product","link":"https:\/\/ceramix.es\/ca\/producto\/aral\/","title":{"rendered":"Aral"},"content":{"rendered":"<p>El model Aral \u00e9s la definici\u00f3 de l&#8217;eleg\u00e0ncia serena. Inspirat en els marbres m\u00e9s purs i homogenis, destaca pel seu acabat brillant, que actua com un mirall i multiplica la llum de qualsevol estan\u00e7a. Com que t\u00e9 una variaci\u00f3 gr\u00e0fica molt suau, ofereix una superf\u00edcie neta i cont\u00ednua; l&#8217;opci\u00f3 ideal per a aquells que busquen el luxe del marbre sense estrid\u00e8ncies ni vetes marcades.  Transmet ordre, neteja i sofisticaci\u00f3.<\/p>\n","protected":false},"excerpt":{"rendered":"<p>El model Aral \u00e9s la definici\u00f3 de l&#8217;eleg\u00e0ncia serena. Inspirat en els marbres m\u00e9s purs i homogenis, destaca pel seu acabat brillant, que actua com un mirall i multiplica la llum de qualsevol estan\u00e7a. Com que t\u00e9 una variaci\u00f3 gr\u00e0fica molt suau, ofereix una superf\u00edcie neta i cont\u00ednua; l&#8217;opci\u00f3 ideal per a aquells que busquen el luxe del marbre sense estrid\u00e8ncies ni vetes marcades.  Transmet ordre, neteja i sofisticaci\u00f3.<\/p>\n","protected":false},"featured_media":3397,"comment_status":"open","ping_status":"closed","template":"","meta":[],"product_brand":[],"product_cat":[150,126,127],"product_tag":[],"estilo-visual":[147],"coleccion":[163],"material":[125],"formato":[29,356,42],"rectificado":[33],"antideslizante":[214],"calidad":[35],"uso":[129,128,130,131],"color":[158,288],"clasificacion":[118],"acabado":[144],"etiqueta-destacada":[],"class_list":{"0":"post-1569","1":"product","2":"type-product","3":"status-publish","4":"has-post-thumbnail","6":"product_cat-gran-format","7":"product_cat-paviments","8":"product_cat-revestiments","9":"estilo-visual-marbre","10":"coleccion-alpha-grey","11":"material-porcellanic","12":"formato-60x120","13":"formato-100x300","14":"formato-120x120","15":"rectificado-si","16":"antideslizante-no","17":"calidad-1a","18":"uso-exterior","19":"uso-interior","20":"uso-paret","21":"uso-terra","22":"color-beix","23":"color-blanc-2","24":"clasificacion-cataleg","25":"acabado-polit","27":"first","28":"instock","29":"shipping-taxable","30":"purchasable","31":"product-type-variable"},"yoast_head":"<!-- This site is optimized with the Yoast SEO plugin v27.4 - https:\/\/yoast.com\/product\/yoast-seo-wordpress\/ -->\n<title>Aral - Ceramix<\/title>\n<meta name=\"description\" content=\"El model Aral \u00e9s la definici\u00f3 de l&#039;eleg\u00e0ncia serena. Inspirat en els marbres m\u00e9s purs i homogenis, destaca pel seu acabat brillant, que actua com un mirall i multiplica la llum de qualsevol estan\u00e7a. Com que t\u00e9 una variaci\u00f3 gr\u00e0fica molt suau, ofereix una superf\u00edcie neta i cont\u00ednua; l&#039;opci\u00f3 ideal per a aquells que busquen el luxe del marbre sense estrid\u00e8ncies ni vetes marcades. Transmet ordre, neteja i sofisticaci\u00f3.\" \/>\n<meta name=\"robots\" content=\"index, follow, max-snippet:-1, max-image-preview:large, max-video-preview:-1\" \/>\n<link rel=\"canonical\" href=\"https:\/\/ceramix.es\/ca\/producto\/aral\/\" \/>\n<meta property=\"og:locale\" content=\"ca_ES\" \/>\n<meta property=\"og:type\" content=\"article\" \/>\n<meta property=\"og:title\" content=\"Aral - Ceramix\" \/>\n<meta property=\"og:description\" content=\"El model Aral \u00e9s la definici\u00f3 de l&#039;eleg\u00e0ncia serena. Inspirat en els marbres m\u00e9s purs i homogenis, destaca pel seu acabat brillant, que actua com un mirall i multiplica la llum de qualsevol estan\u00e7a. Com que t\u00e9 una variaci\u00f3 gr\u00e0fica molt suau, ofereix una superf\u00edcie neta i cont\u00ednua; l&#039;opci\u00f3 ideal per a aquells que busquen el luxe del marbre sense estrid\u00e8ncies ni vetes marcades. Transmet ordre, neteja i sofisticaci\u00f3.\" \/>\n<meta property=\"og:url\" content=\"https:\/\/ceramix.es\/ca\/producto\/aral\/\" \/>\n<meta property=\"og:site_name\" content=\"Ceramix\" \/>\n<meta property=\"article:publisher\" content=\"https:\/\/www.facebook.com\/ceramix.sbd\" \/>\n<meta property=\"article:modified_time\" content=\"2026-04-23T12:52:48+00:00\" \/>\n<meta property=\"og:image\" content=\"https:\/\/ceramix.es\/wp-content\/uploads\/2025\/12\/aral-ambiente.webp\" \/>\n\t<meta property=\"og:image:width\" content=\"1500\" \/>\n\t<meta property=\"og:image:height\" content=\"837\" \/>\n\t<meta property=\"og:image:type\" content=\"image\/jpeg\" \/>\n<meta name=\"twitter:card\" content=\"summary_large_image\" \/>\n<script type=\"application\/ld+json\" class=\"yoast-schema-graph\">{\"@context\":\"https:\\\/\\\/schema.org\",\"@graph\":[{\"@type\":\"WebPage\",\"@id\":\"https:\\\/\\\/ceramix.es\\\/ca\\\/producto\\\/aral\\\/\",\"url\":\"https:\\\/\\\/ceramix.es\\\/ca\\\/producto\\\/aral\\\/\",\"name\":\"Aral - Ceramix\",\"isPartOf\":{\"@id\":\"https:\\\/\\\/ceramix.es\\\/ca\\\/#website\"},\"primaryImageOfPage\":{\"@id\":\"https:\\\/\\\/ceramix.es\\\/ca\\\/producto\\\/aral\\\/#primaryimage\"},\"image\":{\"@id\":\"https:\\\/\\\/ceramix.es\\\/ca\\\/producto\\\/aral\\\/#primaryimage\"},\"thumbnailUrl\":\"https:\\\/\\\/ceramix.es\\\/wp-content\\\/uploads\\\/2025\\\/12\\\/aral-ambiente.webp\",\"datePublished\":\"2025-12-24T10:56:37+00:00\",\"dateModified\":\"2026-04-23T12:52:48+00:00\",\"description\":\"El model Aral \u00e9s la definici\u00f3 de l'eleg\u00e0ncia serena. Inspirat en els marbres m\u00e9s purs i homogenis, destaca pel seu acabat brillant, que actua com un mirall i multiplica la llum de qualsevol estan\u00e7a. Com que t\u00e9 una variaci\u00f3 gr\u00e0fica molt suau, ofereix una superf\u00edcie neta i cont\u00ednua; l'opci\u00f3 ideal per a aquells que busquen el luxe del marbre sense estrid\u00e8ncies ni vetes marcades. Transmet ordre, neteja i sofisticaci\u00f3.\",\"breadcrumb\":{\"@id\":\"https:\\\/\\\/ceramix.es\\\/ca\\\/producto\\\/aral\\\/#breadcrumb\"},\"inLanguage\":\"ca\",\"potentialAction\":[{\"@type\":\"ReadAction\",\"target\":[\"https:\\\/\\\/ceramix.es\\\/ca\\\/producto\\\/aral\\\/\"]}]},{\"@type\":\"ImageObject\",\"inLanguage\":\"ca\",\"@id\":\"https:\\\/\\\/ceramix.es\\\/ca\\\/producto\\\/aral\\\/#primaryimage\",\"url\":\"https:\\\/\\\/ceramix.es\\\/wp-content\\\/uploads\\\/2025\\\/12\\\/aral-ambiente.webp\",\"contentUrl\":\"https:\\\/\\\/ceramix.es\\\/wp-content\\\/uploads\\\/2025\\\/12\\\/aral-ambiente.webp\",\"width\":1500,\"height\":837},{\"@type\":\"BreadcrumbList\",\"@id\":\"https:\\\/\\\/ceramix.es\\\/ca\\\/producto\\\/aral\\\/#breadcrumb\",\"itemListElement\":[{\"@type\":\"ListItem\",\"position\":1,\"name\":\"Ceramix\",\"item\":\"https:\\\/\\\/ceramix.es\\\/ca\\\/ceramix\\\/\"},{\"@type\":\"ListItem\",\"position\":2,\"name\":\"Cat\u00e0leg de productes\",\"item\":\"https:\\\/\\\/ceramix.es\\\/ca\\\/cataleg-de-productes\\\/\"},{\"@type\":\"ListItem\",\"position\":3,\"name\":\"Gran format\",\"item\":\"https:\\\/\\\/ceramix.es\\\/ca\\\/categoria-producto\\\/gran-format\\\/\"},{\"@type\":\"ListItem\",\"position\":4,\"name\":\"Aral\"}]},{\"@type\":\"WebSite\",\"@id\":\"https:\\\/\\\/ceramix.es\\\/ca\\\/#website\",\"url\":\"https:\\\/\\\/ceramix.es\\\/ca\\\/\",\"name\":\"Ceramix\",\"description\":\"Cat\u00e1logo y stocks de gres porcel\u00e1nico e interiorismo.\",\"publisher\":{\"@id\":\"https:\\\/\\\/ceramix.es\\\/ca\\\/#organization\"},\"potentialAction\":[{\"@type\":\"SearchAction\",\"target\":{\"@type\":\"EntryPoint\",\"urlTemplate\":\"https:\\\/\\\/ceramix.es\\\/ca\\\/?s={search_term_string}\"},\"query-input\":{\"@type\":\"PropertyValueSpecification\",\"valueRequired\":true,\"valueName\":\"search_term_string\"}}],\"inLanguage\":\"ca\"},{\"@type\":\"Organization\",\"@id\":\"https:\\\/\\\/ceramix.es\\\/ca\\\/#organization\",\"name\":\"Ceramix\",\"url\":\"https:\\\/\\\/ceramix.es\\\/ca\\\/\",\"logo\":{\"@type\":\"ImageObject\",\"inLanguage\":\"ca\",\"@id\":\"https:\\\/\\\/ceramix.es\\\/ca\\\/#\\\/schema\\\/logo\\\/image\\\/\",\"url\":\"https:\\\/\\\/ceramix.es\\\/wp-content\\\/uploads\\\/2025\\\/09\\\/logo-ceramix.png\",\"contentUrl\":\"https:\\\/\\\/ceramix.es\\\/wp-content\\\/uploads\\\/2025\\\/09\\\/logo-ceramix.png\",\"width\":1200,\"height\":336,\"caption\":\"Ceramix\"},\"image\":{\"@id\":\"https:\\\/\\\/ceramix.es\\\/ca\\\/#\\\/schema\\\/logo\\\/image\\\/\"},\"sameAs\":[\"https:\\\/\\\/www.facebook.com\\\/ceramix.sbd\",\"https:\\\/\\\/www.instagram.com\\\/ceramix.sbd\"]}]}<\/script>\n<!-- \/ Yoast SEO plugin. -->","yoast_head_json":{"title":"Aral - Ceramix","description":"El model Aral \u00e9s la definici\u00f3 de l'eleg\u00e0ncia serena. Inspirat en els marbres m\u00e9s purs i homogenis, destaca pel seu acabat brillant, que actua com un mirall i multiplica la llum de qualsevol estan\u00e7a. Com que t\u00e9 una variaci\u00f3 gr\u00e0fica molt suau, ofereix una superf\u00edcie neta i cont\u00ednua; l'opci\u00f3 ideal per a aquells que busquen el luxe del marbre sense estrid\u00e8ncies ni vetes marcades. Transmet ordre, neteja i sofisticaci\u00f3.","robots":{"index":"index","follow":"follow","max-snippet":"max-snippet:-1","max-image-preview":"max-image-preview:large","max-video-preview":"max-video-preview:-1"},"canonical":"https:\/\/ceramix.es\/ca\/producto\/aral\/","og_locale":"ca_ES","og_type":"article","og_title":"Aral - Ceramix","og_description":"El model Aral \u00e9s la definici\u00f3 de l'eleg\u00e0ncia serena. Inspirat en els marbres m\u00e9s purs i homogenis, destaca pel seu acabat brillant, que actua com un mirall i multiplica la llum de qualsevol estan\u00e7a. Com que t\u00e9 una variaci\u00f3 gr\u00e0fica molt suau, ofereix una superf\u00edcie neta i cont\u00ednua; l'opci\u00f3 ideal per a aquells que busquen el luxe del marbre sense estrid\u00e8ncies ni vetes marcades. Transmet ordre, neteja i sofisticaci\u00f3.","og_url":"https:\/\/ceramix.es\/ca\/producto\/aral\/","og_site_name":"Ceramix","article_publisher":"https:\/\/www.facebook.com\/ceramix.sbd","article_modified_time":"2026-04-23T12:52:48+00:00","og_image":[{"width":1500,"height":837,"url":"https:\/\/ceramix.es\/wp-content\/uploads\/2025\/12\/aral-ambiente.webp","type":"image\/jpeg"}],"twitter_card":"summary_large_image","schema":{"@context":"https:\/\/schema.org","@graph":[{"@type":"WebPage","@id":"https:\/\/ceramix.es\/ca\/producto\/aral\/","url":"https:\/\/ceramix.es\/ca\/producto\/aral\/","name":"Aral - Ceramix","isPartOf":{"@id":"https:\/\/ceramix.es\/ca\/#website"},"primaryImageOfPage":{"@id":"https:\/\/ceramix.es\/ca\/producto\/aral\/#primaryimage"},"image":{"@id":"https:\/\/ceramix.es\/ca\/producto\/aral\/#primaryimage"},"thumbnailUrl":"https:\/\/ceramix.es\/wp-content\/uploads\/2025\/12\/aral-ambiente.webp","datePublished":"2025-12-24T10:56:37+00:00","dateModified":"2026-04-23T12:52:48+00:00","description":"El model Aral \u00e9s la definici\u00f3 de l'eleg\u00e0ncia serena. Inspirat en els marbres m\u00e9s purs i homogenis, destaca pel seu acabat brillant, que actua com un mirall i multiplica la llum de qualsevol estan\u00e7a. Com que t\u00e9 una variaci\u00f3 gr\u00e0fica molt suau, ofereix una superf\u00edcie neta i cont\u00ednua; l'opci\u00f3 ideal per a aquells que busquen el luxe del marbre sense estrid\u00e8ncies ni vetes marcades. Transmet ordre, neteja i sofisticaci\u00f3.","breadcrumb":{"@id":"https:\/\/ceramix.es\/ca\/producto\/aral\/#breadcrumb"},"inLanguage":"ca","potentialAction":[{"@type":"ReadAction","target":["https:\/\/ceramix.es\/ca\/producto\/aral\/"]}]},{"@type":"ImageObject","inLanguage":"ca","@id":"https:\/\/ceramix.es\/ca\/producto\/aral\/#primaryimage","url":"https:\/\/ceramix.es\/wp-content\/uploads\/2025\/12\/aral-ambiente.webp","contentUrl":"https:\/\/ceramix.es\/wp-content\/uploads\/2025\/12\/aral-ambiente.webp","width":1500,"height":837},{"@type":"BreadcrumbList","@id":"https:\/\/ceramix.es\/ca\/producto\/aral\/#breadcrumb","itemListElement":[{"@type":"ListItem","position":1,"name":"Ceramix","item":"https:\/\/ceramix.es\/ca\/ceramix\/"},{"@type":"ListItem","position":2,"name":"Cat\u00e0leg de productes","item":"https:\/\/ceramix.es\/ca\/cataleg-de-productes\/"},{"@type":"ListItem","position":3,"name":"Gran format","item":"https:\/\/ceramix.es\/ca\/categoria-producto\/gran-format\/"},{"@type":"ListItem","position":4,"name":"Aral"}]},{"@type":"WebSite","@id":"https:\/\/ceramix.es\/ca\/#website","url":"https:\/\/ceramix.es\/ca\/","name":"Ceramix","description":"Cat\u00e1logo y stocks de gres porcel\u00e1nico e interiorismo.","publisher":{"@id":"https:\/\/ceramix.es\/ca\/#organization"},"potentialAction":[{"@type":"SearchAction","target":{"@type":"EntryPoint","urlTemplate":"https:\/\/ceramix.es\/ca\/?s={search_term_string}"},"query-input":{"@type":"PropertyValueSpecification","valueRequired":true,"valueName":"search_term_string"}}],"inLanguage":"ca"},{"@type":"Organization","@id":"https:\/\/ceramix.es\/ca\/#organization","name":"Ceramix","url":"https:\/\/ceramix.es\/ca\/","logo":{"@type":"ImageObject","inLanguage":"ca","@id":"https:\/\/ceramix.es\/ca\/#\/schema\/logo\/image\/","url":"https:\/\/ceramix.es\/wp-content\/uploads\/2025\/09\/logo-ceramix.png","contentUrl":"https:\/\/ceramix.es\/wp-content\/uploads\/2025\/09\/logo-ceramix.png","width":1200,"height":336,"caption":"Ceramix"},"image":{"@id":"https:\/\/ceramix.es\/ca\/#\/schema\/logo\/image\/"},"sameAs":["https:\/\/www.facebook.com\/ceramix.sbd","https:\/\/www.instagram.com\/ceramix.sbd"]}]}},"_links":{"self":[{"href":"https:\/\/ceramix.es\/ca\/wp-json\/wp\/v2\/product\/1569","targetHints":{"allow":["GET"]}}],"collection":[{"href":"https:\/\/ceramix.es\/ca\/wp-json\/wp\/v2\/product"}],"about":[{"href":"https:\/\/ceramix.es\/ca\/wp-json\/wp\/v2\/types\/product"}],"replies":[{"embeddable":true,"href":"https:\/\/ceramix.es\/ca\/wp-json\/wp\/v2\/comments?post=1569"}],"wp:featuredmedia":[{"embeddable":true,"href":"https:\/\/ceramix.es\/ca\/wp-json\/wp\/v2\/media\/3397"}],"wp:attachment":[{"href":"https:\/\/ceramix.es\/ca\/wp-json\/wp\/v2\/media?parent=1569"}],"wp:term":[{"taxonomy":"product_brand","embeddable":true,"href":"https:\/\/ceramix.es\/ca\/wp-json\/wp\/v2\/product_brand?post=1569"},{"taxonomy":"product_cat","embeddable":true,"href":"https:\/\/ceramix.es\/ca\/wp-json\/wp\/v2\/product_cat?post=1569"},{"taxonomy":"product_tag","embeddable":true,"href":"https:\/\/ceramix.es\/ca\/wp-json\/wp\/v2\/product_tag?post=1569"},{"taxonomy":"estilo-visual","embeddable":true,"href":"https:\/\/ceramix.es\/ca\/wp-json\/wp\/v2\/estilo-visual?post=1569"},{"taxonomy":"coleccion","embeddable":true,"href":"https:\/\/ceramix.es\/ca\/wp-json\/wp\/v2\/coleccion?post=1569"},{"taxonomy":"material","embeddable":true,"href":"https:\/\/ceramix.es\/ca\/wp-json\/wp\/v2\/material?post=1569"},{"taxonomy":"formato","embeddable":true,"href":"https:\/\/ceramix.es\/ca\/wp-json\/wp\/v2\/formato?post=1569"},{"taxonomy":"rectificado","embeddable":true,"href":"https:\/\/ceramix.es\/ca\/wp-json\/wp\/v2\/rectificado?post=1569"},{"taxonomy":"antideslizante","embeddable":true,"href":"https:\/\/ceramix.es\/ca\/wp-json\/wp\/v2\/antideslizante?post=1569"},{"taxonomy":"calidad","embeddable":true,"href":"https:\/\/ceramix.es\/ca\/wp-json\/wp\/v2\/calidad?post=1569"},{"taxonomy":"uso","embeddable":true,"href":"https:\/\/ceramix.es\/ca\/wp-json\/wp\/v2\/uso?post=1569"},{"taxonomy":"color","embeddable":true,"href":"https:\/\/ceramix.es\/ca\/wp-json\/wp\/v2\/color?post=1569"},{"taxonomy":"clasificacion","embeddable":true,"href":"https:\/\/ceramix.es\/ca\/wp-json\/wp\/v2\/clasificacion?post=1569"},{"taxonomy":"acabado","embeddable":true,"href":"https:\/\/ceramix.es\/ca\/wp-json\/wp\/v2\/acabado?post=1569"},{"taxonomy":"etiqueta-destacada","embeddable":true,"href":"https:\/\/ceramix.es\/ca\/wp-json\/wp\/v2\/etiqueta-destacada?post=1569"}],"curies":[{"name":"wp","href":"https:\/\/api.w.org\/{rel}","templated":true}]}}