{"id":1560,"date":"2025-12-24T12:00:56","date_gmt":"2025-12-24T11:00:56","guid":{"rendered":"https:\/\/ceramix.es\/producto\/celeste\/"},"modified":"2026-04-23T11:29:31","modified_gmt":"2026-04-23T09:29:31","slug":"celeste","status":"publish","type":"product","link":"https:\/\/ceramix.es\/ca\/producto\/celeste\/","title":{"rendered":"Celeste"},"content":{"rendered":"<p>El model Celeste \u00e9s una oda a la delicadesa. Pertanyent a la nostra gamma de marbres, aquest material destaca per capturar l&#8217;eleg\u00e0ncia de la pedra natural amb una est\u00e8tica suau i envolupant. El seu disseny evoca una atmosfera de calma i sofisticaci\u00f3; una opci\u00f3 ideal per a crear espais que transmetin neteja i amplitud visual sense renunciar al car\u00e0cter de la pedra noble.<\/p>\n","protected":false},"excerpt":{"rendered":"<p>El model Celeste \u00e9s una oda a la delicadesa. Pertanyent a la nostra gamma de marbres, aquest material destaca per capturar l&#8217;eleg\u00e0ncia de la pedra natural amb una est\u00e8tica suau i envolupant. El seu disseny evoca una atmosfera de calma i sofisticaci\u00f3; una opci\u00f3 ideal per a crear espais que transmetin neteja i amplitud visual sense renunciar al car\u00e0cter de la pedra noble.<\/p>\n","protected":false},"featured_media":1558,"comment_status":"open","ping_status":"closed","template":"","meta":[],"product_brand":[],"product_cat":[126,127],"product_tag":[],"estilo-visual":[147],"coleccion":[161],"material":[125],"formato":[246,28,29],"rectificado":[33],"antideslizante":[214],"calidad":[35],"uso":[129,128,130,131],"color":[358],"clasificacion":[118],"acabado":[248,117],"etiqueta-destacada":[167],"class_list":{"0":"post-1560","1":"product","2":"type-product","3":"status-publish","4":"has-post-thumbnail","6":"product_cat-paviments","7":"product_cat-revestiments","8":"estilo-visual-marbre","9":"coleccion-celeste","10":"material-porcellanic","11":"formato-30x90","12":"formato-60x60","13":"formato-60x120","14":"rectificado-si","15":"antideslizante-no","16":"calidad-1a","17":"uso-exterior","18":"uso-interior","19":"uso-paret","20":"uso-terra","21":"color-celeste","22":"clasificacion-cataleg","23":"acabado-honeu","24":"acabado-mate","25":"etiqueta-destacada-novetat","27":"first","28":"instock","29":"shipping-taxable","30":"purchasable","31":"product-type-variable"},"yoast_head":"<!-- This site is optimized with the Yoast SEO plugin v27.4 - https:\/\/yoast.com\/product\/yoast-seo-wordpress\/ -->\n<title>Celeste - Ceramix<\/title>\n<meta name=\"description\" content=\"El model Celeste \u00e9s una oda a la delicadesa. Pertanyent a la nostra gamma de marbres, aquest material destaca per capturar l&#039;eleg\u00e0ncia de la pedra natural amb una est\u00e8tica suau i envolupant. El seu disseny evoca una atmosfera de calma i sofisticaci\u00f3; una opci\u00f3 ideal per a crear espais que transmetin neteja i amplitud visual sense renunciar al car\u00e0cter de la pedra noble.\" \/>\n<meta name=\"robots\" content=\"index, follow, max-snippet:-1, max-image-preview:large, max-video-preview:-1\" \/>\n<link rel=\"canonical\" href=\"https:\/\/ceramix.es\/ca\/producto\/celeste\/\" \/>\n<meta property=\"og:locale\" content=\"ca_ES\" \/>\n<meta property=\"og:type\" content=\"article\" \/>\n<meta property=\"og:title\" content=\"Celeste - Ceramix\" \/>\n<meta property=\"og:description\" content=\"El model Celeste \u00e9s una oda a la delicadesa. Pertanyent a la nostra gamma de marbres, aquest material destaca per capturar l&#039;eleg\u00e0ncia de la pedra natural amb una est\u00e8tica suau i envolupant. El seu disseny evoca una atmosfera de calma i sofisticaci\u00f3; una opci\u00f3 ideal per a crear espais que transmetin neteja i amplitud visual sense renunciar al car\u00e0cter de la pedra noble.\" \/>\n<meta property=\"og:url\" content=\"https:\/\/ceramix.es\/ca\/producto\/celeste\/\" \/>\n<meta property=\"og:site_name\" content=\"Ceramix\" \/>\n<meta property=\"article:publisher\" content=\"https:\/\/www.facebook.com\/ceramix.sbd\" \/>\n<meta property=\"article:modified_time\" content=\"2026-04-23T09:29:31+00:00\" \/>\n<meta property=\"og:image\" content=\"https:\/\/ceramix.es\/wp-content\/uploads\/2025\/12\/ambiente-13.webp\" \/>\n\t<meta property=\"og:image:width\" content=\"1920\" \/>\n\t<meta property=\"og:image:height\" content=\"1344\" \/>\n\t<meta property=\"og:image:type\" content=\"image\/webp\" \/>\n<meta name=\"twitter:card\" content=\"summary_large_image\" \/>\n<script type=\"application\/ld+json\" class=\"yoast-schema-graph\">{\"@context\":\"https:\\\/\\\/schema.org\",\"@graph\":[{\"@type\":\"WebPage\",\"@id\":\"https:\\\/\\\/ceramix.es\\\/ca\\\/producto\\\/celeste\\\/\",\"url\":\"https:\\\/\\\/ceramix.es\\\/ca\\\/producto\\\/celeste\\\/\",\"name\":\"Celeste - Ceramix\",\"isPartOf\":{\"@id\":\"https:\\\/\\\/ceramix.es\\\/ca\\\/#website\"},\"primaryImageOfPage\":{\"@id\":\"https:\\\/\\\/ceramix.es\\\/ca\\\/producto\\\/celeste\\\/#primaryimage\"},\"image\":{\"@id\":\"https:\\\/\\\/ceramix.es\\\/ca\\\/producto\\\/celeste\\\/#primaryimage\"},\"thumbnailUrl\":\"https:\\\/\\\/ceramix.es\\\/wp-content\\\/uploads\\\/2025\\\/12\\\/ambiente-13.webp\",\"datePublished\":\"2025-12-24T11:00:56+00:00\",\"dateModified\":\"2026-04-23T09:29:31+00:00\",\"description\":\"El model Celeste \u00e9s una oda a la delicadesa. Pertanyent a la nostra gamma de marbres, aquest material destaca per capturar l'eleg\u00e0ncia de la pedra natural amb una est\u00e8tica suau i envolupant. El seu disseny evoca una atmosfera de calma i sofisticaci\u00f3; una opci\u00f3 ideal per a crear espais que transmetin neteja i amplitud visual sense renunciar al car\u00e0cter de la pedra noble.\",\"breadcrumb\":{\"@id\":\"https:\\\/\\\/ceramix.es\\\/ca\\\/producto\\\/celeste\\\/#breadcrumb\"},\"inLanguage\":\"ca\",\"potentialAction\":[{\"@type\":\"ReadAction\",\"target\":[\"https:\\\/\\\/ceramix.es\\\/ca\\\/producto\\\/celeste\\\/\"]}]},{\"@type\":\"ImageObject\",\"inLanguage\":\"ca\",\"@id\":\"https:\\\/\\\/ceramix.es\\\/ca\\\/producto\\\/celeste\\\/#primaryimage\",\"url\":\"https:\\\/\\\/ceramix.es\\\/wp-content\\\/uploads\\\/2025\\\/12\\\/ambiente-13.webp\",\"contentUrl\":\"https:\\\/\\\/ceramix.es\\\/wp-content\\\/uploads\\\/2025\\\/12\\\/ambiente-13.webp\",\"width\":1920,\"height\":1344},{\"@type\":\"BreadcrumbList\",\"@id\":\"https:\\\/\\\/ceramix.es\\\/ca\\\/producto\\\/celeste\\\/#breadcrumb\",\"itemListElement\":[{\"@type\":\"ListItem\",\"position\":1,\"name\":\"Ceramix\",\"item\":\"https:\\\/\\\/ceramix.es\\\/ca\\\/ceramix\\\/\"},{\"@type\":\"ListItem\",\"position\":2,\"name\":\"Cat\u00e0leg de productes\",\"item\":\"https:\\\/\\\/ceramix.es\\\/ca\\\/cataleg-de-productes\\\/\"},{\"@type\":\"ListItem\",\"position\":3,\"name\":\"Paviments\",\"item\":\"https:\\\/\\\/ceramix.es\\\/ca\\\/categoria-producto\\\/paviments\\\/\"},{\"@type\":\"ListItem\",\"position\":4,\"name\":\"Celeste\"}]},{\"@type\":\"WebSite\",\"@id\":\"https:\\\/\\\/ceramix.es\\\/ca\\\/#website\",\"url\":\"https:\\\/\\\/ceramix.es\\\/ca\\\/\",\"name\":\"Ceramix\",\"description\":\"Cat\u00e1logo y stocks de gres porcel\u00e1nico e interiorismo.\",\"publisher\":{\"@id\":\"https:\\\/\\\/ceramix.es\\\/ca\\\/#organization\"},\"potentialAction\":[{\"@type\":\"SearchAction\",\"target\":{\"@type\":\"EntryPoint\",\"urlTemplate\":\"https:\\\/\\\/ceramix.es\\\/ca\\\/?s={search_term_string}\"},\"query-input\":{\"@type\":\"PropertyValueSpecification\",\"valueRequired\":true,\"valueName\":\"search_term_string\"}}],\"inLanguage\":\"ca\"},{\"@type\":\"Organization\",\"@id\":\"https:\\\/\\\/ceramix.es\\\/ca\\\/#organization\",\"name\":\"Ceramix\",\"url\":\"https:\\\/\\\/ceramix.es\\\/ca\\\/\",\"logo\":{\"@type\":\"ImageObject\",\"inLanguage\":\"ca\",\"@id\":\"https:\\\/\\\/ceramix.es\\\/ca\\\/#\\\/schema\\\/logo\\\/image\\\/\",\"url\":\"https:\\\/\\\/ceramix.es\\\/wp-content\\\/uploads\\\/2025\\\/09\\\/logo-ceramix.png\",\"contentUrl\":\"https:\\\/\\\/ceramix.es\\\/wp-content\\\/uploads\\\/2025\\\/09\\\/logo-ceramix.png\",\"width\":1200,\"height\":336,\"caption\":\"Ceramix\"},\"image\":{\"@id\":\"https:\\\/\\\/ceramix.es\\\/ca\\\/#\\\/schema\\\/logo\\\/image\\\/\"},\"sameAs\":[\"https:\\\/\\\/www.facebook.com\\\/ceramix.sbd\",\"https:\\\/\\\/www.instagram.com\\\/ceramix.sbd\"]}]}<\/script>\n<!-- \/ Yoast SEO plugin. -->","yoast_head_json":{"title":"Celeste - Ceramix","description":"El model Celeste \u00e9s una oda a la delicadesa. Pertanyent a la nostra gamma de marbres, aquest material destaca per capturar l'eleg\u00e0ncia de la pedra natural amb una est\u00e8tica suau i envolupant. El seu disseny evoca una atmosfera de calma i sofisticaci\u00f3; una opci\u00f3 ideal per a crear espais que transmetin neteja i amplitud visual sense renunciar al car\u00e0cter de la pedra noble.","robots":{"index":"index","follow":"follow","max-snippet":"max-snippet:-1","max-image-preview":"max-image-preview:large","max-video-preview":"max-video-preview:-1"},"canonical":"https:\/\/ceramix.es\/ca\/producto\/celeste\/","og_locale":"ca_ES","og_type":"article","og_title":"Celeste - Ceramix","og_description":"El model Celeste \u00e9s una oda a la delicadesa. Pertanyent a la nostra gamma de marbres, aquest material destaca per capturar l'eleg\u00e0ncia de la pedra natural amb una est\u00e8tica suau i envolupant. El seu disseny evoca una atmosfera de calma i sofisticaci\u00f3; una opci\u00f3 ideal per a crear espais que transmetin neteja i amplitud visual sense renunciar al car\u00e0cter de la pedra noble.","og_url":"https:\/\/ceramix.es\/ca\/producto\/celeste\/","og_site_name":"Ceramix","article_publisher":"https:\/\/www.facebook.com\/ceramix.sbd","article_modified_time":"2026-04-23T09:29:31+00:00","og_image":[{"width":1920,"height":1344,"url":"https:\/\/ceramix.es\/wp-content\/uploads\/2025\/12\/ambiente-13.webp","type":"image\/webp"}],"twitter_card":"summary_large_image","schema":{"@context":"https:\/\/schema.org","@graph":[{"@type":"WebPage","@id":"https:\/\/ceramix.es\/ca\/producto\/celeste\/","url":"https:\/\/ceramix.es\/ca\/producto\/celeste\/","name":"Celeste - Ceramix","isPartOf":{"@id":"https:\/\/ceramix.es\/ca\/#website"},"primaryImageOfPage":{"@id":"https:\/\/ceramix.es\/ca\/producto\/celeste\/#primaryimage"},"image":{"@id":"https:\/\/ceramix.es\/ca\/producto\/celeste\/#primaryimage"},"thumbnailUrl":"https:\/\/ceramix.es\/wp-content\/uploads\/2025\/12\/ambiente-13.webp","datePublished":"2025-12-24T11:00:56+00:00","dateModified":"2026-04-23T09:29:31+00:00","description":"El model Celeste \u00e9s una oda a la delicadesa. Pertanyent a la nostra gamma de marbres, aquest material destaca per capturar l'eleg\u00e0ncia de la pedra natural amb una est\u00e8tica suau i envolupant. El seu disseny evoca una atmosfera de calma i sofisticaci\u00f3; una opci\u00f3 ideal per a crear espais que transmetin neteja i amplitud visual sense renunciar al car\u00e0cter de la pedra noble.","breadcrumb":{"@id":"https:\/\/ceramix.es\/ca\/producto\/celeste\/#breadcrumb"},"inLanguage":"ca","potentialAction":[{"@type":"ReadAction","target":["https:\/\/ceramix.es\/ca\/producto\/celeste\/"]}]},{"@type":"ImageObject","inLanguage":"ca","@id":"https:\/\/ceramix.es\/ca\/producto\/celeste\/#primaryimage","url":"https:\/\/ceramix.es\/wp-content\/uploads\/2025\/12\/ambiente-13.webp","contentUrl":"https:\/\/ceramix.es\/wp-content\/uploads\/2025\/12\/ambiente-13.webp","width":1920,"height":1344},{"@type":"BreadcrumbList","@id":"https:\/\/ceramix.es\/ca\/producto\/celeste\/#breadcrumb","itemListElement":[{"@type":"ListItem","position":1,"name":"Ceramix","item":"https:\/\/ceramix.es\/ca\/ceramix\/"},{"@type":"ListItem","position":2,"name":"Cat\u00e0leg de productes","item":"https:\/\/ceramix.es\/ca\/cataleg-de-productes\/"},{"@type":"ListItem","position":3,"name":"Paviments","item":"https:\/\/ceramix.es\/ca\/categoria-producto\/paviments\/"},{"@type":"ListItem","position":4,"name":"Celeste"}]},{"@type":"WebSite","@id":"https:\/\/ceramix.es\/ca\/#website","url":"https:\/\/ceramix.es\/ca\/","name":"Ceramix","description":"Cat\u00e1logo y stocks de gres porcel\u00e1nico e interiorismo.","publisher":{"@id":"https:\/\/ceramix.es\/ca\/#organization"},"potentialAction":[{"@type":"SearchAction","target":{"@type":"EntryPoint","urlTemplate":"https:\/\/ceramix.es\/ca\/?s={search_term_string}"},"query-input":{"@type":"PropertyValueSpecification","valueRequired":true,"valueName":"search_term_string"}}],"inLanguage":"ca"},{"@type":"Organization","@id":"https:\/\/ceramix.es\/ca\/#organization","name":"Ceramix","url":"https:\/\/ceramix.es\/ca\/","logo":{"@type":"ImageObject","inLanguage":"ca","@id":"https:\/\/ceramix.es\/ca\/#\/schema\/logo\/image\/","url":"https:\/\/ceramix.es\/wp-content\/uploads\/2025\/09\/logo-ceramix.png","contentUrl":"https:\/\/ceramix.es\/wp-content\/uploads\/2025\/09\/logo-ceramix.png","width":1200,"height":336,"caption":"Ceramix"},"image":{"@id":"https:\/\/ceramix.es\/ca\/#\/schema\/logo\/image\/"},"sameAs":["https:\/\/www.facebook.com\/ceramix.sbd","https:\/\/www.instagram.com\/ceramix.sbd"]}]}},"_links":{"self":[{"href":"https:\/\/ceramix.es\/ca\/wp-json\/wp\/v2\/product\/1560","targetHints":{"allow":["GET"]}}],"collection":[{"href":"https:\/\/ceramix.es\/ca\/wp-json\/wp\/v2\/product"}],"about":[{"href":"https:\/\/ceramix.es\/ca\/wp-json\/wp\/v2\/types\/product"}],"replies":[{"embeddable":true,"href":"https:\/\/ceramix.es\/ca\/wp-json\/wp\/v2\/comments?post=1560"}],"wp:featuredmedia":[{"embeddable":true,"href":"https:\/\/ceramix.es\/ca\/wp-json\/wp\/v2\/media\/1558"}],"wp:attachment":[{"href":"https:\/\/ceramix.es\/ca\/wp-json\/wp\/v2\/media?parent=1560"}],"wp:term":[{"taxonomy":"product_brand","embeddable":true,"href":"https:\/\/ceramix.es\/ca\/wp-json\/wp\/v2\/product_brand?post=1560"},{"taxonomy":"product_cat","embeddable":true,"href":"https:\/\/ceramix.es\/ca\/wp-json\/wp\/v2\/product_cat?post=1560"},{"taxonomy":"product_tag","embeddable":true,"href":"https:\/\/ceramix.es\/ca\/wp-json\/wp\/v2\/product_tag?post=1560"},{"taxonomy":"estilo-visual","embeddable":true,"href":"https:\/\/ceramix.es\/ca\/wp-json\/wp\/v2\/estilo-visual?post=1560"},{"taxonomy":"coleccion","embeddable":true,"href":"https:\/\/ceramix.es\/ca\/wp-json\/wp\/v2\/coleccion?post=1560"},{"taxonomy":"material","embeddable":true,"href":"https:\/\/ceramix.es\/ca\/wp-json\/wp\/v2\/material?post=1560"},{"taxonomy":"formato","embeddable":true,"href":"https:\/\/ceramix.es\/ca\/wp-json\/wp\/v2\/formato?post=1560"},{"taxonomy":"rectificado","embeddable":true,"href":"https:\/\/ceramix.es\/ca\/wp-json\/wp\/v2\/rectificado?post=1560"},{"taxonomy":"antideslizante","embeddable":true,"href":"https:\/\/ceramix.es\/ca\/wp-json\/wp\/v2\/antideslizante?post=1560"},{"taxonomy":"calidad","embeddable":true,"href":"https:\/\/ceramix.es\/ca\/wp-json\/wp\/v2\/calidad?post=1560"},{"taxonomy":"uso","embeddable":true,"href":"https:\/\/ceramix.es\/ca\/wp-json\/wp\/v2\/uso?post=1560"},{"taxonomy":"color","embeddable":true,"href":"https:\/\/ceramix.es\/ca\/wp-json\/wp\/v2\/color?post=1560"},{"taxonomy":"clasificacion","embeddable":true,"href":"https:\/\/ceramix.es\/ca\/wp-json\/wp\/v2\/clasificacion?post=1560"},{"taxonomy":"acabado","embeddable":true,"href":"https:\/\/ceramix.es\/ca\/wp-json\/wp\/v2\/acabado?post=1560"},{"taxonomy":"etiqueta-destacada","embeddable":true,"href":"https:\/\/ceramix.es\/ca\/wp-json\/wp\/v2\/etiqueta-destacada?post=1560"}],"curies":[{"name":"wp","href":"https:\/\/api.w.org\/{rel}","templated":true}]}}