{"id":1541,"date":"2025-12-24T12:09:31","date_gmt":"2025-12-24T11:09:31","guid":{"rendered":"https:\/\/ceramix.es\/producto\/helios\/"},"modified":"2026-03-11T12:12:30","modified_gmt":"2026-03-11T11:12:30","slug":"helios","status":"publish","type":"product","link":"https:\/\/ceramix.es\/ca\/producto\/helios\/","title":{"rendered":"Helis"},"content":{"rendered":"<p>La col\u00b7lecci\u00f3 Helios evoca la llum i l&#8217;energia del sol. \u00c9s un porcell\u00e0nic jaspiat que destaca per la riquesa crom\u00e0tica i unes vetes suaus per\u00f2 presents, que atorguen a la pe\u00e7a un moviment fluid i natural. El seu disseny equilibra l&#8217;eleg\u00e0ncia cl\u00e0ssica del marbre amb una paleta de colors vers\u00e0til, en qu\u00e8 destaca especialment l&#8217;opci\u00f3 Blue per la seva originalitat i la Cream per la seva calidesa envoltant.<\/p>\n","protected":false},"excerpt":{"rendered":"<p>La col\u00b7lecci\u00f3 Helios evoca la llum i l&#8217;energia del sol. \u00c9s un porcell\u00e0nic jaspiat que destaca per la riquesa crom\u00e0tica i unes vetes suaus per\u00f2 presents, que atorguen a la pe\u00e7a un moviment fluid i natural. El seu disseny equilibra l&#8217;eleg\u00e0ncia cl\u00e0ssica del marbre amb una paleta de colors vers\u00e0til, en qu\u00e8 destaca especialment l&#8217;opci\u00f3 Blue per la seva originalitat i la Cream per la seva calidesa envoltant.<\/p>\n","protected":false},"featured_media":1537,"comment_status":"open","ping_status":"closed","template":"","meta":[],"product_brand":[],"product_cat":[126,127],"product_tag":[],"estilo-visual":[147],"coleccion":[154],"material":[125],"formato":[29],"rectificado":[33],"antideslizante":[214],"calidad":[35],"uso":[129,128,130,131],"color":[348,268,270],"clasificacion":[118],"acabado":[144],"etiqueta-destacada":[],"class_list":{"0":"post-1541","1":"product","2":"type-product","3":"status-publish","4":"has-post-thumbnail","6":"product_cat-paviments","7":"product_cat-revestiments","8":"estilo-visual-marbre","9":"coleccion-helios","10":"material-porcellanic","11":"formato-60x120","12":"rectificado-si","13":"antideslizante-no","14":"calidad-1a","15":"uso-exterior","16":"uso-interior","17":"uso-paret","18":"uso-terra","19":"color-blue","20":"color-cream","21":"color-grey","22":"clasificacion-cataleg","23":"acabado-polit","25":"first","26":"instock","27":"shipping-taxable","28":"purchasable","29":"product-type-simple"},"yoast_head":"<!-- This site is optimized with the Yoast SEO plugin v27.4 - https:\/\/yoast.com\/product\/yoast-seo-wordpress\/ -->\n<title>Helis - Ceramix<\/title>\n<meta name=\"description\" content=\"La col\u00b7lecci\u00f3 Helios evoca la llum i l&#039;energia del sol. \u00c9s un porcell\u00e0nic jaspiat que destaca per la riquesa crom\u00e0tica i unes vetes suaus per\u00f2 presents, que atorguen a la pe\u00e7a un moviment fluid i natural. El seu disseny equilibra l&#039;eleg\u00e0ncia cl\u00e0ssica del marbre amb una paleta de colors vers\u00e0til, en qu\u00e8 destaca especialment l&#039;opci\u00f3 Blue per la seva originalitat i la Cream per la seva calidesa envoltant.\" \/>\n<meta name=\"robots\" content=\"index, follow, max-snippet:-1, max-image-preview:large, max-video-preview:-1\" \/>\n<link rel=\"canonical\" href=\"https:\/\/ceramix.es\/ca\/producto\/helios\/\" \/>\n<meta property=\"og:locale\" content=\"ca_ES\" \/>\n<meta property=\"og:type\" content=\"article\" \/>\n<meta property=\"og:title\" content=\"Helis - Ceramix\" \/>\n<meta property=\"og:description\" content=\"La col\u00b7lecci\u00f3 Helios evoca la llum i l&#039;energia del sol. \u00c9s un porcell\u00e0nic jaspiat que destaca per la riquesa crom\u00e0tica i unes vetes suaus per\u00f2 presents, que atorguen a la pe\u00e7a un moviment fluid i natural. El seu disseny equilibra l&#039;eleg\u00e0ncia cl\u00e0ssica del marbre amb una paleta de colors vers\u00e0til, en qu\u00e8 destaca especialment l&#039;opci\u00f3 Blue per la seva originalitat i la Cream per la seva calidesa envoltant.\" \/>\n<meta property=\"og:url\" content=\"https:\/\/ceramix.es\/ca\/producto\/helios\/\" \/>\n<meta property=\"og:site_name\" content=\"Ceramix\" \/>\n<meta property=\"article:publisher\" content=\"https:\/\/www.facebook.com\/ceramix.sbd\" \/>\n<meta property=\"article:modified_time\" content=\"2026-03-11T11:12:30+00:00\" \/>\n<meta property=\"og:image\" content=\"https:\/\/ceramix.es\/wp-content\/uploads\/2025\/12\/ambiente-17.webp\" \/>\n\t<meta property=\"og:image:width\" content=\"2048\" \/>\n\t<meta property=\"og:image:height\" content=\"1536\" \/>\n\t<meta property=\"og:image:type\" content=\"image\/webp\" \/>\n<meta name=\"twitter:card\" content=\"summary_large_image\" \/>\n<script type=\"application\/ld+json\" class=\"yoast-schema-graph\">{\"@context\":\"https:\\\/\\\/schema.org\",\"@graph\":[{\"@type\":\"WebPage\",\"@id\":\"https:\\\/\\\/ceramix.es\\\/ca\\\/producto\\\/helios\\\/\",\"url\":\"https:\\\/\\\/ceramix.es\\\/ca\\\/producto\\\/helios\\\/\",\"name\":\"Helis - Ceramix\",\"isPartOf\":{\"@id\":\"https:\\\/\\\/ceramix.es\\\/ca\\\/#website\"},\"primaryImageOfPage\":{\"@id\":\"https:\\\/\\\/ceramix.es\\\/ca\\\/producto\\\/helios\\\/#primaryimage\"},\"image\":{\"@id\":\"https:\\\/\\\/ceramix.es\\\/ca\\\/producto\\\/helios\\\/#primaryimage\"},\"thumbnailUrl\":\"https:\\\/\\\/ceramix.es\\\/wp-content\\\/uploads\\\/2025\\\/12\\\/ambiente-17.webp\",\"datePublished\":\"2025-12-24T11:09:31+00:00\",\"dateModified\":\"2026-03-11T11:12:30+00:00\",\"description\":\"La col\u00b7lecci\u00f3 Helios evoca la llum i l'energia del sol. \u00c9s un porcell\u00e0nic jaspiat que destaca per la riquesa crom\u00e0tica i unes vetes suaus per\u00f2 presents, que atorguen a la pe\u00e7a un moviment fluid i natural. El seu disseny equilibra l'eleg\u00e0ncia cl\u00e0ssica del marbre amb una paleta de colors vers\u00e0til, en qu\u00e8 destaca especialment l'opci\u00f3 Blue per la seva originalitat i la Cream per la seva calidesa envoltant.\",\"breadcrumb\":{\"@id\":\"https:\\\/\\\/ceramix.es\\\/ca\\\/producto\\\/helios\\\/#breadcrumb\"},\"inLanguage\":\"ca\",\"potentialAction\":[{\"@type\":\"ReadAction\",\"target\":[\"https:\\\/\\\/ceramix.es\\\/ca\\\/producto\\\/helios\\\/\"]}]},{\"@type\":\"ImageObject\",\"inLanguage\":\"ca\",\"@id\":\"https:\\\/\\\/ceramix.es\\\/ca\\\/producto\\\/helios\\\/#primaryimage\",\"url\":\"https:\\\/\\\/ceramix.es\\\/wp-content\\\/uploads\\\/2025\\\/12\\\/ambiente-17.webp\",\"contentUrl\":\"https:\\\/\\\/ceramix.es\\\/wp-content\\\/uploads\\\/2025\\\/12\\\/ambiente-17.webp\",\"width\":2048,\"height\":1536},{\"@type\":\"BreadcrumbList\",\"@id\":\"https:\\\/\\\/ceramix.es\\\/ca\\\/producto\\\/helios\\\/#breadcrumb\",\"itemListElement\":[{\"@type\":\"ListItem\",\"position\":1,\"name\":\"Ceramix\",\"item\":\"https:\\\/\\\/ceramix.es\\\/ca\\\/ceramix\\\/\"},{\"@type\":\"ListItem\",\"position\":2,\"name\":\"Cat\u00e0leg de productes\",\"item\":\"https:\\\/\\\/ceramix.es\\\/ca\\\/cataleg-de-productes\\\/\"},{\"@type\":\"ListItem\",\"position\":3,\"name\":\"Paviments\",\"item\":\"https:\\\/\\\/ceramix.es\\\/ca\\\/categoria-producto\\\/paviments\\\/\"},{\"@type\":\"ListItem\",\"position\":4,\"name\":\"Helis\"}]},{\"@type\":\"WebSite\",\"@id\":\"https:\\\/\\\/ceramix.es\\\/ca\\\/#website\",\"url\":\"https:\\\/\\\/ceramix.es\\\/ca\\\/\",\"name\":\"Ceramix\",\"description\":\"Cat\u00e1logo y stocks de gres porcel\u00e1nico e interiorismo.\",\"publisher\":{\"@id\":\"https:\\\/\\\/ceramix.es\\\/ca\\\/#organization\"},\"potentialAction\":[{\"@type\":\"SearchAction\",\"target\":{\"@type\":\"EntryPoint\",\"urlTemplate\":\"https:\\\/\\\/ceramix.es\\\/ca\\\/?s={search_term_string}\"},\"query-input\":{\"@type\":\"PropertyValueSpecification\",\"valueRequired\":true,\"valueName\":\"search_term_string\"}}],\"inLanguage\":\"ca\"},{\"@type\":\"Organization\",\"@id\":\"https:\\\/\\\/ceramix.es\\\/ca\\\/#organization\",\"name\":\"Ceramix\",\"url\":\"https:\\\/\\\/ceramix.es\\\/ca\\\/\",\"logo\":{\"@type\":\"ImageObject\",\"inLanguage\":\"ca\",\"@id\":\"https:\\\/\\\/ceramix.es\\\/ca\\\/#\\\/schema\\\/logo\\\/image\\\/\",\"url\":\"https:\\\/\\\/ceramix.es\\\/wp-content\\\/uploads\\\/2025\\\/09\\\/logo-ceramix.png\",\"contentUrl\":\"https:\\\/\\\/ceramix.es\\\/wp-content\\\/uploads\\\/2025\\\/09\\\/logo-ceramix.png\",\"width\":1200,\"height\":336,\"caption\":\"Ceramix\"},\"image\":{\"@id\":\"https:\\\/\\\/ceramix.es\\\/ca\\\/#\\\/schema\\\/logo\\\/image\\\/\"},\"sameAs\":[\"https:\\\/\\\/www.facebook.com\\\/ceramix.sbd\",\"https:\\\/\\\/www.instagram.com\\\/ceramix.sbd\"]}]}<\/script>\n<!-- \/ Yoast SEO plugin. -->","yoast_head_json":{"title":"Helis - Ceramix","description":"La col\u00b7lecci\u00f3 Helios evoca la llum i l'energia del sol. \u00c9s un porcell\u00e0nic jaspiat que destaca per la riquesa crom\u00e0tica i unes vetes suaus per\u00f2 presents, que atorguen a la pe\u00e7a un moviment fluid i natural. El seu disseny equilibra l'eleg\u00e0ncia cl\u00e0ssica del marbre amb una paleta de colors vers\u00e0til, en qu\u00e8 destaca especialment l'opci\u00f3 Blue per la seva originalitat i la Cream per la seva calidesa envoltant.","robots":{"index":"index","follow":"follow","max-snippet":"max-snippet:-1","max-image-preview":"max-image-preview:large","max-video-preview":"max-video-preview:-1"},"canonical":"https:\/\/ceramix.es\/ca\/producto\/helios\/","og_locale":"ca_ES","og_type":"article","og_title":"Helis - Ceramix","og_description":"La col\u00b7lecci\u00f3 Helios evoca la llum i l'energia del sol. \u00c9s un porcell\u00e0nic jaspiat que destaca per la riquesa crom\u00e0tica i unes vetes suaus per\u00f2 presents, que atorguen a la pe\u00e7a un moviment fluid i natural. El seu disseny equilibra l'eleg\u00e0ncia cl\u00e0ssica del marbre amb una paleta de colors vers\u00e0til, en qu\u00e8 destaca especialment l'opci\u00f3 Blue per la seva originalitat i la Cream per la seva calidesa envoltant.","og_url":"https:\/\/ceramix.es\/ca\/producto\/helios\/","og_site_name":"Ceramix","article_publisher":"https:\/\/www.facebook.com\/ceramix.sbd","article_modified_time":"2026-03-11T11:12:30+00:00","og_image":[{"width":2048,"height":1536,"url":"https:\/\/ceramix.es\/wp-content\/uploads\/2025\/12\/ambiente-17.webp","type":"image\/webp"}],"twitter_card":"summary_large_image","schema":{"@context":"https:\/\/schema.org","@graph":[{"@type":"WebPage","@id":"https:\/\/ceramix.es\/ca\/producto\/helios\/","url":"https:\/\/ceramix.es\/ca\/producto\/helios\/","name":"Helis - Ceramix","isPartOf":{"@id":"https:\/\/ceramix.es\/ca\/#website"},"primaryImageOfPage":{"@id":"https:\/\/ceramix.es\/ca\/producto\/helios\/#primaryimage"},"image":{"@id":"https:\/\/ceramix.es\/ca\/producto\/helios\/#primaryimage"},"thumbnailUrl":"https:\/\/ceramix.es\/wp-content\/uploads\/2025\/12\/ambiente-17.webp","datePublished":"2025-12-24T11:09:31+00:00","dateModified":"2026-03-11T11:12:30+00:00","description":"La col\u00b7lecci\u00f3 Helios evoca la llum i l'energia del sol. \u00c9s un porcell\u00e0nic jaspiat que destaca per la riquesa crom\u00e0tica i unes vetes suaus per\u00f2 presents, que atorguen a la pe\u00e7a un moviment fluid i natural. El seu disseny equilibra l'eleg\u00e0ncia cl\u00e0ssica del marbre amb una paleta de colors vers\u00e0til, en qu\u00e8 destaca especialment l'opci\u00f3 Blue per la seva originalitat i la Cream per la seva calidesa envoltant.","breadcrumb":{"@id":"https:\/\/ceramix.es\/ca\/producto\/helios\/#breadcrumb"},"inLanguage":"ca","potentialAction":[{"@type":"ReadAction","target":["https:\/\/ceramix.es\/ca\/producto\/helios\/"]}]},{"@type":"ImageObject","inLanguage":"ca","@id":"https:\/\/ceramix.es\/ca\/producto\/helios\/#primaryimage","url":"https:\/\/ceramix.es\/wp-content\/uploads\/2025\/12\/ambiente-17.webp","contentUrl":"https:\/\/ceramix.es\/wp-content\/uploads\/2025\/12\/ambiente-17.webp","width":2048,"height":1536},{"@type":"BreadcrumbList","@id":"https:\/\/ceramix.es\/ca\/producto\/helios\/#breadcrumb","itemListElement":[{"@type":"ListItem","position":1,"name":"Ceramix","item":"https:\/\/ceramix.es\/ca\/ceramix\/"},{"@type":"ListItem","position":2,"name":"Cat\u00e0leg de productes","item":"https:\/\/ceramix.es\/ca\/cataleg-de-productes\/"},{"@type":"ListItem","position":3,"name":"Paviments","item":"https:\/\/ceramix.es\/ca\/categoria-producto\/paviments\/"},{"@type":"ListItem","position":4,"name":"Helis"}]},{"@type":"WebSite","@id":"https:\/\/ceramix.es\/ca\/#website","url":"https:\/\/ceramix.es\/ca\/","name":"Ceramix","description":"Cat\u00e1logo y stocks de gres porcel\u00e1nico e interiorismo.","publisher":{"@id":"https:\/\/ceramix.es\/ca\/#organization"},"potentialAction":[{"@type":"SearchAction","target":{"@type":"EntryPoint","urlTemplate":"https:\/\/ceramix.es\/ca\/?s={search_term_string}"},"query-input":{"@type":"PropertyValueSpecification","valueRequired":true,"valueName":"search_term_string"}}],"inLanguage":"ca"},{"@type":"Organization","@id":"https:\/\/ceramix.es\/ca\/#organization","name":"Ceramix","url":"https:\/\/ceramix.es\/ca\/","logo":{"@type":"ImageObject","inLanguage":"ca","@id":"https:\/\/ceramix.es\/ca\/#\/schema\/logo\/image\/","url":"https:\/\/ceramix.es\/wp-content\/uploads\/2025\/09\/logo-ceramix.png","contentUrl":"https:\/\/ceramix.es\/wp-content\/uploads\/2025\/09\/logo-ceramix.png","width":1200,"height":336,"caption":"Ceramix"},"image":{"@id":"https:\/\/ceramix.es\/ca\/#\/schema\/logo\/image\/"},"sameAs":["https:\/\/www.facebook.com\/ceramix.sbd","https:\/\/www.instagram.com\/ceramix.sbd"]}]}},"_links":{"self":[{"href":"https:\/\/ceramix.es\/ca\/wp-json\/wp\/v2\/product\/1541","targetHints":{"allow":["GET"]}}],"collection":[{"href":"https:\/\/ceramix.es\/ca\/wp-json\/wp\/v2\/product"}],"about":[{"href":"https:\/\/ceramix.es\/ca\/wp-json\/wp\/v2\/types\/product"}],"replies":[{"embeddable":true,"href":"https:\/\/ceramix.es\/ca\/wp-json\/wp\/v2\/comments?post=1541"}],"wp:featuredmedia":[{"embeddable":true,"href":"https:\/\/ceramix.es\/ca\/wp-json\/wp\/v2\/media\/1537"}],"wp:attachment":[{"href":"https:\/\/ceramix.es\/ca\/wp-json\/wp\/v2\/media?parent=1541"}],"wp:term":[{"taxonomy":"product_brand","embeddable":true,"href":"https:\/\/ceramix.es\/ca\/wp-json\/wp\/v2\/product_brand?post=1541"},{"taxonomy":"product_cat","embeddable":true,"href":"https:\/\/ceramix.es\/ca\/wp-json\/wp\/v2\/product_cat?post=1541"},{"taxonomy":"product_tag","embeddable":true,"href":"https:\/\/ceramix.es\/ca\/wp-json\/wp\/v2\/product_tag?post=1541"},{"taxonomy":"estilo-visual","embeddable":true,"href":"https:\/\/ceramix.es\/ca\/wp-json\/wp\/v2\/estilo-visual?post=1541"},{"taxonomy":"coleccion","embeddable":true,"href":"https:\/\/ceramix.es\/ca\/wp-json\/wp\/v2\/coleccion?post=1541"},{"taxonomy":"material","embeddable":true,"href":"https:\/\/ceramix.es\/ca\/wp-json\/wp\/v2\/material?post=1541"},{"taxonomy":"formato","embeddable":true,"href":"https:\/\/ceramix.es\/ca\/wp-json\/wp\/v2\/formato?post=1541"},{"taxonomy":"rectificado","embeddable":true,"href":"https:\/\/ceramix.es\/ca\/wp-json\/wp\/v2\/rectificado?post=1541"},{"taxonomy":"antideslizante","embeddable":true,"href":"https:\/\/ceramix.es\/ca\/wp-json\/wp\/v2\/antideslizante?post=1541"},{"taxonomy":"calidad","embeddable":true,"href":"https:\/\/ceramix.es\/ca\/wp-json\/wp\/v2\/calidad?post=1541"},{"taxonomy":"uso","embeddable":true,"href":"https:\/\/ceramix.es\/ca\/wp-json\/wp\/v2\/uso?post=1541"},{"taxonomy":"color","embeddable":true,"href":"https:\/\/ceramix.es\/ca\/wp-json\/wp\/v2\/color?post=1541"},{"taxonomy":"clasificacion","embeddable":true,"href":"https:\/\/ceramix.es\/ca\/wp-json\/wp\/v2\/clasificacion?post=1541"},{"taxonomy":"acabado","embeddable":true,"href":"https:\/\/ceramix.es\/ca\/wp-json\/wp\/v2\/acabado?post=1541"},{"taxonomy":"etiqueta-destacada","embeddable":true,"href":"https:\/\/ceramix.es\/ca\/wp-json\/wp\/v2\/etiqueta-destacada?post=1541"}],"curies":[{"name":"wp","href":"https:\/\/api.w.org\/{rel}","templated":true}]}}