{"id":1529,"date":"2025-12-24T12:25:58","date_gmt":"2025-12-24T11:25:58","guid":{"rendered":"https:\/\/ceramix.es\/producto\/polaris-white\/"},"modified":"2026-04-23T11:26:32","modified_gmt":"2026-04-23T09:26:32","slug":"polaris-white","status":"publish","type":"product","link":"https:\/\/ceramix.es\/ca\/producto\/polaris-white\/","title":{"rendered":"Polaris White"},"content":{"rendered":"<p>El Polaris White \u00e9s la definici\u00f3 de claredat. Inspirat en la puresa del blanc m\u00e9s brillant, aquest porcell\u00e0nic destaca per la seva capacitat per capturar i reflectir la llum, fet que amplia visualment qualsevol estan\u00e7a. \u00c9s ideal per als qui busquen crear espais que transmetin higiene, ordre i una serenitat celestial. \u00c9s un llen\u00e7 perfecte per a qualsevol estil decoratiu.   <\/p>\n","protected":false},"excerpt":{"rendered":"<p>El Polaris White \u00e9s la definici\u00f3 de claredat. Inspirat en la puresa del blanc m\u00e9s brillant, aquest porcell\u00e0nic destaca per la seva capacitat per capturar i reflectir la llum, fet que amplia visualment qualsevol estan\u00e7a. \u00c9s ideal per als qui busquen crear espais que transmetin higiene, ordre i una serenitat celestial. \u00c9s un llen\u00e7 perfecte per a qualsevol estil decoratiu.   <\/p>\n","protected":false},"featured_media":1527,"comment_status":"open","ping_status":"closed","template":"","meta":[],"product_brand":[],"product_cat":[150,126,127],"product_tag":[],"estilo-visual":[147],"coleccion":[148],"material":[125],"formato":[29,30],"rectificado":[33],"antideslizante":[214],"calidad":[35],"uso":[129,128,130,131],"color":[288],"clasificacion":[118],"acabado":[144],"etiqueta-destacada":[],"class_list":{"0":"post-1529","1":"product","2":"type-product","3":"status-publish","4":"has-post-thumbnail","6":"product_cat-gran-format","7":"product_cat-paviments","8":"product_cat-revestiments","9":"estilo-visual-marbre","10":"coleccion-polaris-white","11":"material-porcellanic","12":"formato-60x120","13":"formato-100x100","14":"rectificado-si","15":"antideslizante-no","16":"calidad-1a","17":"uso-exterior","18":"uso-interior","19":"uso-paret","20":"uso-terra","21":"color-blanc-2","22":"clasificacion-cataleg","23":"acabado-polit","25":"first","26":"instock","27":"shipping-taxable","28":"purchasable","29":"product-type-variable"},"yoast_head":"<!-- This site is optimized with the Yoast SEO plugin v27.4 - https:\/\/yoast.com\/product\/yoast-seo-wordpress\/ -->\n<title>Polaris White - Ceramix<\/title>\n<meta name=\"description\" content=\"El Polaris White \u00e9s la definici\u00f3 de claredat. Inspirat en la puresa del blanc m\u00e9s brillant, aquest porcell\u00e0nic destaca per la seva capacitat per capturar i reflectir la llum, fet que amplia visualment qualsevol estan\u00e7a. \u00c9s ideal per als qui busquen crear espais que transmetin higiene, ordre i una serenitat celestial. \u00c9s un llen\u00e7 perfecte per a qualsevol estil decoratiu.\" \/>\n<meta name=\"robots\" content=\"index, follow, max-snippet:-1, max-image-preview:large, max-video-preview:-1\" \/>\n<link rel=\"canonical\" href=\"https:\/\/ceramix.es\/ca\/producto\/polaris-white\/\" \/>\n<meta property=\"og:locale\" content=\"ca_ES\" \/>\n<meta property=\"og:type\" content=\"article\" \/>\n<meta property=\"og:title\" content=\"Polaris White - Ceramix\" \/>\n<meta property=\"og:description\" content=\"El Polaris White \u00e9s la definici\u00f3 de claredat. Inspirat en la puresa del blanc m\u00e9s brillant, aquest porcell\u00e0nic destaca per la seva capacitat per capturar i reflectir la llum, fet que amplia visualment qualsevol estan\u00e7a. \u00c9s ideal per als qui busquen crear espais que transmetin higiene, ordre i una serenitat celestial. \u00c9s un llen\u00e7 perfecte per a qualsevol estil decoratiu.\" \/>\n<meta property=\"og:url\" content=\"https:\/\/ceramix.es\/ca\/producto\/polaris-white\/\" \/>\n<meta property=\"og:site_name\" content=\"Ceramix\" \/>\n<meta property=\"article:publisher\" content=\"https:\/\/www.facebook.com\/ceramix.sbd\" \/>\n<meta property=\"article:modified_time\" content=\"2026-04-23T09:26:32+00:00\" \/>\n<meta property=\"og:image\" content=\"https:\/\/ceramix.es\/wp-content\/uploads\/2025\/12\/ambiente-20.webp\" \/>\n\t<meta property=\"og:image:width\" content=\"1920\" \/>\n\t<meta property=\"og:image:height\" content=\"1344\" \/>\n\t<meta property=\"og:image:type\" content=\"image\/webp\" \/>\n<meta name=\"twitter:card\" content=\"summary_large_image\" \/>\n<script type=\"application\/ld+json\" class=\"yoast-schema-graph\">{\"@context\":\"https:\\\/\\\/schema.org\",\"@graph\":[{\"@type\":\"WebPage\",\"@id\":\"https:\\\/\\\/ceramix.es\\\/ca\\\/producto\\\/polaris-white\\\/\",\"url\":\"https:\\\/\\\/ceramix.es\\\/ca\\\/producto\\\/polaris-white\\\/\",\"name\":\"Polaris White - Ceramix\",\"isPartOf\":{\"@id\":\"https:\\\/\\\/ceramix.es\\\/ca\\\/#website\"},\"primaryImageOfPage\":{\"@id\":\"https:\\\/\\\/ceramix.es\\\/ca\\\/producto\\\/polaris-white\\\/#primaryimage\"},\"image\":{\"@id\":\"https:\\\/\\\/ceramix.es\\\/ca\\\/producto\\\/polaris-white\\\/#primaryimage\"},\"thumbnailUrl\":\"https:\\\/\\\/ceramix.es\\\/wp-content\\\/uploads\\\/2025\\\/12\\\/ambiente-20.webp\",\"datePublished\":\"2025-12-24T11:25:58+00:00\",\"dateModified\":\"2026-04-23T09:26:32+00:00\",\"description\":\"El Polaris White \u00e9s la definici\u00f3 de claredat. Inspirat en la puresa del blanc m\u00e9s brillant, aquest porcell\u00e0nic destaca per la seva capacitat per capturar i reflectir la llum, fet que amplia visualment qualsevol estan\u00e7a. \u00c9s ideal per als qui busquen crear espais que transmetin higiene, ordre i una serenitat celestial. \u00c9s un llen\u00e7 perfecte per a qualsevol estil decoratiu.\",\"breadcrumb\":{\"@id\":\"https:\\\/\\\/ceramix.es\\\/ca\\\/producto\\\/polaris-white\\\/#breadcrumb\"},\"inLanguage\":\"ca\",\"potentialAction\":[{\"@type\":\"ReadAction\",\"target\":[\"https:\\\/\\\/ceramix.es\\\/ca\\\/producto\\\/polaris-white\\\/\"]}]},{\"@type\":\"ImageObject\",\"inLanguage\":\"ca\",\"@id\":\"https:\\\/\\\/ceramix.es\\\/ca\\\/producto\\\/polaris-white\\\/#primaryimage\",\"url\":\"https:\\\/\\\/ceramix.es\\\/wp-content\\\/uploads\\\/2025\\\/12\\\/ambiente-20.webp\",\"contentUrl\":\"https:\\\/\\\/ceramix.es\\\/wp-content\\\/uploads\\\/2025\\\/12\\\/ambiente-20.webp\",\"width\":1920,\"height\":1344},{\"@type\":\"BreadcrumbList\",\"@id\":\"https:\\\/\\\/ceramix.es\\\/ca\\\/producto\\\/polaris-white\\\/#breadcrumb\",\"itemListElement\":[{\"@type\":\"ListItem\",\"position\":1,\"name\":\"Ceramix\",\"item\":\"https:\\\/\\\/ceramix.es\\\/ca\\\/ceramix\\\/\"},{\"@type\":\"ListItem\",\"position\":2,\"name\":\"Cat\u00e0leg de productes\",\"item\":\"https:\\\/\\\/ceramix.es\\\/ca\\\/cataleg-de-productes\\\/\"},{\"@type\":\"ListItem\",\"position\":3,\"name\":\"Gran format\",\"item\":\"https:\\\/\\\/ceramix.es\\\/ca\\\/categoria-producto\\\/gran-format\\\/\"},{\"@type\":\"ListItem\",\"position\":4,\"name\":\"Polaris White\"}]},{\"@type\":\"WebSite\",\"@id\":\"https:\\\/\\\/ceramix.es\\\/ca\\\/#website\",\"url\":\"https:\\\/\\\/ceramix.es\\\/ca\\\/\",\"name\":\"Ceramix\",\"description\":\"Cat\u00e1logo y stocks de gres porcel\u00e1nico e interiorismo.\",\"publisher\":{\"@id\":\"https:\\\/\\\/ceramix.es\\\/ca\\\/#organization\"},\"potentialAction\":[{\"@type\":\"SearchAction\",\"target\":{\"@type\":\"EntryPoint\",\"urlTemplate\":\"https:\\\/\\\/ceramix.es\\\/ca\\\/?s={search_term_string}\"},\"query-input\":{\"@type\":\"PropertyValueSpecification\",\"valueRequired\":true,\"valueName\":\"search_term_string\"}}],\"inLanguage\":\"ca\"},{\"@type\":\"Organization\",\"@id\":\"https:\\\/\\\/ceramix.es\\\/ca\\\/#organization\",\"name\":\"Ceramix\",\"url\":\"https:\\\/\\\/ceramix.es\\\/ca\\\/\",\"logo\":{\"@type\":\"ImageObject\",\"inLanguage\":\"ca\",\"@id\":\"https:\\\/\\\/ceramix.es\\\/ca\\\/#\\\/schema\\\/logo\\\/image\\\/\",\"url\":\"https:\\\/\\\/ceramix.es\\\/wp-content\\\/uploads\\\/2025\\\/09\\\/logo-ceramix.png\",\"contentUrl\":\"https:\\\/\\\/ceramix.es\\\/wp-content\\\/uploads\\\/2025\\\/09\\\/logo-ceramix.png\",\"width\":1200,\"height\":336,\"caption\":\"Ceramix\"},\"image\":{\"@id\":\"https:\\\/\\\/ceramix.es\\\/ca\\\/#\\\/schema\\\/logo\\\/image\\\/\"},\"sameAs\":[\"https:\\\/\\\/www.facebook.com\\\/ceramix.sbd\",\"https:\\\/\\\/www.instagram.com\\\/ceramix.sbd\"]}]}<\/script>\n<!-- \/ Yoast SEO plugin. -->","yoast_head_json":{"title":"Polaris White - Ceramix","description":"El Polaris White \u00e9s la definici\u00f3 de claredat. Inspirat en la puresa del blanc m\u00e9s brillant, aquest porcell\u00e0nic destaca per la seva capacitat per capturar i reflectir la llum, fet que amplia visualment qualsevol estan\u00e7a. \u00c9s ideal per als qui busquen crear espais que transmetin higiene, ordre i una serenitat celestial. \u00c9s un llen\u00e7 perfecte per a qualsevol estil decoratiu.","robots":{"index":"index","follow":"follow","max-snippet":"max-snippet:-1","max-image-preview":"max-image-preview:large","max-video-preview":"max-video-preview:-1"},"canonical":"https:\/\/ceramix.es\/ca\/producto\/polaris-white\/","og_locale":"ca_ES","og_type":"article","og_title":"Polaris White - Ceramix","og_description":"El Polaris White \u00e9s la definici\u00f3 de claredat. Inspirat en la puresa del blanc m\u00e9s brillant, aquest porcell\u00e0nic destaca per la seva capacitat per capturar i reflectir la llum, fet que amplia visualment qualsevol estan\u00e7a. \u00c9s ideal per als qui busquen crear espais que transmetin higiene, ordre i una serenitat celestial. \u00c9s un llen\u00e7 perfecte per a qualsevol estil decoratiu.","og_url":"https:\/\/ceramix.es\/ca\/producto\/polaris-white\/","og_site_name":"Ceramix","article_publisher":"https:\/\/www.facebook.com\/ceramix.sbd","article_modified_time":"2026-04-23T09:26:32+00:00","og_image":[{"width":1920,"height":1344,"url":"https:\/\/ceramix.es\/wp-content\/uploads\/2025\/12\/ambiente-20.webp","type":"image\/webp"}],"twitter_card":"summary_large_image","schema":{"@context":"https:\/\/schema.org","@graph":[{"@type":"WebPage","@id":"https:\/\/ceramix.es\/ca\/producto\/polaris-white\/","url":"https:\/\/ceramix.es\/ca\/producto\/polaris-white\/","name":"Polaris White - Ceramix","isPartOf":{"@id":"https:\/\/ceramix.es\/ca\/#website"},"primaryImageOfPage":{"@id":"https:\/\/ceramix.es\/ca\/producto\/polaris-white\/#primaryimage"},"image":{"@id":"https:\/\/ceramix.es\/ca\/producto\/polaris-white\/#primaryimage"},"thumbnailUrl":"https:\/\/ceramix.es\/wp-content\/uploads\/2025\/12\/ambiente-20.webp","datePublished":"2025-12-24T11:25:58+00:00","dateModified":"2026-04-23T09:26:32+00:00","description":"El Polaris White \u00e9s la definici\u00f3 de claredat. Inspirat en la puresa del blanc m\u00e9s brillant, aquest porcell\u00e0nic destaca per la seva capacitat per capturar i reflectir la llum, fet que amplia visualment qualsevol estan\u00e7a. \u00c9s ideal per als qui busquen crear espais que transmetin higiene, ordre i una serenitat celestial. \u00c9s un llen\u00e7 perfecte per a qualsevol estil decoratiu.","breadcrumb":{"@id":"https:\/\/ceramix.es\/ca\/producto\/polaris-white\/#breadcrumb"},"inLanguage":"ca","potentialAction":[{"@type":"ReadAction","target":["https:\/\/ceramix.es\/ca\/producto\/polaris-white\/"]}]},{"@type":"ImageObject","inLanguage":"ca","@id":"https:\/\/ceramix.es\/ca\/producto\/polaris-white\/#primaryimage","url":"https:\/\/ceramix.es\/wp-content\/uploads\/2025\/12\/ambiente-20.webp","contentUrl":"https:\/\/ceramix.es\/wp-content\/uploads\/2025\/12\/ambiente-20.webp","width":1920,"height":1344},{"@type":"BreadcrumbList","@id":"https:\/\/ceramix.es\/ca\/producto\/polaris-white\/#breadcrumb","itemListElement":[{"@type":"ListItem","position":1,"name":"Ceramix","item":"https:\/\/ceramix.es\/ca\/ceramix\/"},{"@type":"ListItem","position":2,"name":"Cat\u00e0leg de productes","item":"https:\/\/ceramix.es\/ca\/cataleg-de-productes\/"},{"@type":"ListItem","position":3,"name":"Gran format","item":"https:\/\/ceramix.es\/ca\/categoria-producto\/gran-format\/"},{"@type":"ListItem","position":4,"name":"Polaris White"}]},{"@type":"WebSite","@id":"https:\/\/ceramix.es\/ca\/#website","url":"https:\/\/ceramix.es\/ca\/","name":"Ceramix","description":"Cat\u00e1logo y stocks de gres porcel\u00e1nico e interiorismo.","publisher":{"@id":"https:\/\/ceramix.es\/ca\/#organization"},"potentialAction":[{"@type":"SearchAction","target":{"@type":"EntryPoint","urlTemplate":"https:\/\/ceramix.es\/ca\/?s={search_term_string}"},"query-input":{"@type":"PropertyValueSpecification","valueRequired":true,"valueName":"search_term_string"}}],"inLanguage":"ca"},{"@type":"Organization","@id":"https:\/\/ceramix.es\/ca\/#organization","name":"Ceramix","url":"https:\/\/ceramix.es\/ca\/","logo":{"@type":"ImageObject","inLanguage":"ca","@id":"https:\/\/ceramix.es\/ca\/#\/schema\/logo\/image\/","url":"https:\/\/ceramix.es\/wp-content\/uploads\/2025\/09\/logo-ceramix.png","contentUrl":"https:\/\/ceramix.es\/wp-content\/uploads\/2025\/09\/logo-ceramix.png","width":1200,"height":336,"caption":"Ceramix"},"image":{"@id":"https:\/\/ceramix.es\/ca\/#\/schema\/logo\/image\/"},"sameAs":["https:\/\/www.facebook.com\/ceramix.sbd","https:\/\/www.instagram.com\/ceramix.sbd"]}]}},"_links":{"self":[{"href":"https:\/\/ceramix.es\/ca\/wp-json\/wp\/v2\/product\/1529","targetHints":{"allow":["GET"]}}],"collection":[{"href":"https:\/\/ceramix.es\/ca\/wp-json\/wp\/v2\/product"}],"about":[{"href":"https:\/\/ceramix.es\/ca\/wp-json\/wp\/v2\/types\/product"}],"replies":[{"embeddable":true,"href":"https:\/\/ceramix.es\/ca\/wp-json\/wp\/v2\/comments?post=1529"}],"wp:featuredmedia":[{"embeddable":true,"href":"https:\/\/ceramix.es\/ca\/wp-json\/wp\/v2\/media\/1527"}],"wp:attachment":[{"href":"https:\/\/ceramix.es\/ca\/wp-json\/wp\/v2\/media?parent=1529"}],"wp:term":[{"taxonomy":"product_brand","embeddable":true,"href":"https:\/\/ceramix.es\/ca\/wp-json\/wp\/v2\/product_brand?post=1529"},{"taxonomy":"product_cat","embeddable":true,"href":"https:\/\/ceramix.es\/ca\/wp-json\/wp\/v2\/product_cat?post=1529"},{"taxonomy":"product_tag","embeddable":true,"href":"https:\/\/ceramix.es\/ca\/wp-json\/wp\/v2\/product_tag?post=1529"},{"taxonomy":"estilo-visual","embeddable":true,"href":"https:\/\/ceramix.es\/ca\/wp-json\/wp\/v2\/estilo-visual?post=1529"},{"taxonomy":"coleccion","embeddable":true,"href":"https:\/\/ceramix.es\/ca\/wp-json\/wp\/v2\/coleccion?post=1529"},{"taxonomy":"material","embeddable":true,"href":"https:\/\/ceramix.es\/ca\/wp-json\/wp\/v2\/material?post=1529"},{"taxonomy":"formato","embeddable":true,"href":"https:\/\/ceramix.es\/ca\/wp-json\/wp\/v2\/formato?post=1529"},{"taxonomy":"rectificado","embeddable":true,"href":"https:\/\/ceramix.es\/ca\/wp-json\/wp\/v2\/rectificado?post=1529"},{"taxonomy":"antideslizante","embeddable":true,"href":"https:\/\/ceramix.es\/ca\/wp-json\/wp\/v2\/antideslizante?post=1529"},{"taxonomy":"calidad","embeddable":true,"href":"https:\/\/ceramix.es\/ca\/wp-json\/wp\/v2\/calidad?post=1529"},{"taxonomy":"uso","embeddable":true,"href":"https:\/\/ceramix.es\/ca\/wp-json\/wp\/v2\/uso?post=1529"},{"taxonomy":"color","embeddable":true,"href":"https:\/\/ceramix.es\/ca\/wp-json\/wp\/v2\/color?post=1529"},{"taxonomy":"clasificacion","embeddable":true,"href":"https:\/\/ceramix.es\/ca\/wp-json\/wp\/v2\/clasificacion?post=1529"},{"taxonomy":"acabado","embeddable":true,"href":"https:\/\/ceramix.es\/ca\/wp-json\/wp\/v2\/acabado?post=1529"},{"taxonomy":"etiqueta-destacada","embeddable":true,"href":"https:\/\/ceramix.es\/ca\/wp-json\/wp\/v2\/etiqueta-destacada?post=1529"}],"curies":[{"name":"wp","href":"https:\/\/api.w.org\/{rel}","templated":true}]}}